{"id":130,"date":"2025-07-09T14:37:51","date_gmt":"2025-07-09T18:37:51","guid":{"rendered":"https:\/\/cta.enconstruction.website\/?page_id=130"},"modified":"2025-09-30T09:21:57","modified_gmt":"2025-09-30T13:21:57","slug":"equipe-et-conseil-dadministration","status":"publish","type":"page","link":"https:\/\/aerocta.ca\/en\/equipe-et-conseil-dadministration\/","title":{"rendered":"\u00c9quipe et conseil d\u2019administration"},"content":{"rendered":"[vc_row type=\u00a0\u00bbfull_width_content\u00a0\u00bb full_screen_row_position=\u00a0\u00bbmiddle\u00a0\u00bb column_margin=\u00a0\u00bbdefault\u00a0\u00bb column_direction=\u00a0\u00bbdefault\u00a0\u00bb column_direction_tablet=\u00a0\u00bbdefault\u00a0\u00bb column_direction_phone=\u00a0\u00bbdefault\u00a0\u00bb bg_color=\u00a0\u00bb#f2f2f2&Prime; bg_image=\u00a0\u00bb217&Prime; bg_position=\u00a0\u00bbcenter center\u00a0\u00bb background_image_loading=\u00a0\u00bbdefault\u00a0\u00bb bg_repeat=\u00a0\u00bbno-repeat\u00a0\u00bb scene_position=\u00a0\u00bbcenter\u00a0\u00bb constrain_group_2=\u00a0\u00bbyes\u00a0\u00bb top_padding_phone=\u00a0\u00bb50&Prime; constrain_group_7=\u00a0\u00bbyes\u00a0\u00bb constrain_group_8=\u00a0\u00bbyes\u00a0\u00bb text_color=\u00a0\u00bbdark\u00a0\u00bb text_align=\u00a0\u00bbleft\u00a0\u00bb row_border_radius=\u00a0\u00bb15px\u00a0\u00bb row_border_radius_applies=\u00a0\u00bbbg\u00a0\u00bb overflow=\u00a0\u00bbvisible\u00a0\u00bb class=\u00a0\u00bbwhite back_header\u00a0\u00bb overlay_strength=\u00a0\u00bb0.3&Prime; gradient_direction=\u00a0\u00bbleft_to_right\u00a0\u00bb shape_divider_position=\u00a0\u00bbbottom\u00a0\u00bb bg_image_animation=\u00a0\u00bbnone\u00a0\u00bb gradient_type=\u00a0\u00bbdefault\u00a0\u00bb shape_type=\u00a0\u00bb\u00a0\u00bb][vc_column column_padding=\u00a0\u00bbno-extra-padding\u00a0\u00bb column_padding_tablet=\u00a0\u00bbinherit\u00a0\u00bb column_padding_phone=\u00a0\u00bbinherit\u00a0\u00bb column_padding_position=\u00a0\u00bball\u00a0\u00bb column_element_direction_desktop=\u00a0\u00bbdefault\u00a0\u00bb column_element_spacing=\u00a0\u00bbdefault\u00a0\u00bb desktop_text_alignment=\u00a0\u00bbdefault\u00a0\u00bb tablet_text_alignment=\u00a0\u00bbdefault\u00a0\u00bb phone_text_alignment=\u00a0\u00bbdefault\u00a0\u00bb background_color_opacity=\u00a0\u00bb1&Prime; background_hover_color_opacity=\u00a0\u00bb1&Prime; column_backdrop_filter=\u00a0\u00bbnone\u00a0\u00bb column_shadow=\u00a0\u00bbnone\u00a0\u00bb column_border_radius=\u00a0\u00bbnone\u00a0\u00bb column_link_target=\u00a0\u00bb_self\u00a0\u00bb column_position=\u00a0\u00bbdefault\u00a0\u00bb gradient_direction=\u00a0\u00bbleft_to_right\u00a0\u00bb overlay_strength=\u00a0\u00bb0.3&Prime; width=\u00a0\u00bb1\/1&Prime; tablet_width_inherit=\u00a0\u00bbdefault\u00a0\u00bb animation_type=\u00a0\u00bbdefault\u00a0\u00bb bg_image_animation=\u00a0\u00bbnone\u00a0\u00bb border_type=\u00a0\u00bbsimple\u00a0\u00bb column_border_width=\u00a0\u00bbnone\u00a0\u00bb column_border_style=\u00a0\u00bbsolid\u00a0\u00bb column_padding_type=\u00a0\u00bbdefault\u00a0\u00bb gradient_type=\u00a0\u00bbdefault\u00a0\u00bb][vc_row_inner column_margin=\u00a0\u00bbdefault\u00a0\u00bb column_direction=\u00a0\u00bbdefault\u00a0\u00bb column_direction_tablet=\u00a0\u00bbdefault\u00a0\u00bb column_direction_phone=\u00a0\u00bbdefault\u00a0\u00bb top_padding=\u00a0\u00bb25vh\u00a0\u00bb bottom_padding=\u00a0\u00bb25&Prime; left_padding_desktop=\u00a0\u00bb6%\u00a0\u00bb constrain_group_2=\u00a0\u00bbyes\u00a0\u00bb right_padding_desktop=\u00a0\u00bb6%\u00a0\u00bb left_padding_tablet=\u00a0\u00bb7%\u00a0\u00bb constrain_group_4=\u00a0\u00bbyes\u00a0\u00bb right_padding_tablet=\u00a0\u00bb7%\u00a0\u00bb top_padding_phone=\u00a0\u00bb10vh\u00a0\u00bb left_padding_phone=\u00a0\u00bb8%\u00a0\u00bb constrain_group_6=\u00a0\u00bbyes\u00a0\u00bb right_padding_phone=\u00a0\u00bb8%\u00a0\u00bb text_align=\u00a0\u00bbleft\u00a0\u00bb row_position=\u00a0\u00bbdefault\u00a0\u00bb row_position_tablet=\u00a0\u00bbinherit\u00a0\u00bb row_position_phone=\u00a0\u00bbinherit\u00a0\u00bb zindex=\u00a0\u00bb100&Prime; overflow=\u00a0\u00bbvisible\u00a0\u00bb pointer_events=\u00a0\u00bball\u00a0\u00bb][vc_column_inner column_padding=\u00a0\u00bbno-extra-padding\u00a0\u00bb column_padding_tablet=\u00a0\u00bbinherit\u00a0\u00bb column_padding_phone=\u00a0\u00bbinherit\u00a0\u00bb column_padding_position=\u00a0\u00bball\u00a0\u00bb column_element_direction_desktop=\u00a0\u00bbdefault\u00a0\u00bb column_element_spacing=\u00a0\u00bbdefault\u00a0\u00bb desktop_text_alignment=\u00a0\u00bbdefault\u00a0\u00bb tablet_text_alignment=\u00a0\u00bbdefault\u00a0\u00bb phone_text_alignment=\u00a0\u00bbdefault\u00a0\u00bb background_color_opacity=\u00a0\u00bb1&Prime; background_hover_color_opacity=\u00a0\u00bb1&Prime; column_backdrop_filter=\u00a0\u00bbnone\u00a0\u00bb column_shadow=\u00a0\u00bbnone\u00a0\u00bb column_border_radius=\u00a0\u00bbnone\u00a0\u00bb column_link_target=\u00a0\u00bb_self\u00a0\u00bb overflow=\u00a0\u00bbvisible\u00a0\u00bb gradient_direction=\u00a0\u00bbleft_to_right\u00a0\u00bb overlay_strength=\u00a0\u00bb0.3&Prime; width=\u00a0\u00bb7\/12&Prime; tablet_width_inherit=\u00a0\u00bbdefault\u00a0\u00bb animation_type=\u00a0\u00bbdefault\u00a0\u00bb bg_image_animation=\u00a0\u00bbnone\u00a0\u00bb border_type=\u00a0\u00bbsimple\u00a0\u00bb column_border_width=\u00a0\u00bbnone\u00a0\u00bb column_border_style=\u00a0\u00bbsolid\u00a0\u00bb][vc_column_text css=\u00a0\u00bb\u00a0\u00bb text_direction=\u00a0\u00bbdefault\u00a0\u00bb]\n<h5>Le Centre technologique en a\u00e9rospatiale compte sur une \u00e9quipe pluridisciplinaire de plus de 60 sp\u00e9cialistes chevronn\u00e9s, issus des milieux industriel, universitaire et de la recherche.<\/h5>\n[\/vc_column_text][\/vc_column_inner][\/vc_row_inner][vc_row_inner column_margin=\u00a0\u00bbdefault\u00a0\u00bb column_direction=\u00a0\u00bbdefault\u00a0\u00bb column_direction_tablet=\u00a0\u00bbdefault\u00a0\u00bb column_direction_phone=\u00a0\u00bbdefault\u00a0\u00bb bottom_padding=\u00a0\u00bb75&Prime; left_padding_desktop=\u00a0\u00bb6%\u00a0\u00bb constrain_group_2=\u00a0\u00bbyes\u00a0\u00bb right_padding_desktop=\u00a0\u00bb6%\u00a0\u00bb left_padding_tablet=\u00a0\u00bb7%\u00a0\u00bb constrain_group_4=\u00a0\u00bbyes\u00a0\u00bb right_padding_tablet=\u00a0\u00bb7%\u00a0\u00bb bottom_padding_phone=\u00a0\u00bb100&Prime; left_padding_phone=\u00a0\u00bb8%\u00a0\u00bb constrain_group_6=\u00a0\u00bbyes\u00a0\u00bb right_padding_phone=\u00a0\u00bb8%\u00a0\u00bb text_align=\u00a0\u00bbleft\u00a0\u00bb row_position=\u00a0\u00bbdefault\u00a0\u00bb row_position_tablet=\u00a0\u00bbinherit\u00a0\u00bb row_position_phone=\u00a0\u00bbinherit\u00a0\u00bb zindex=\u00a0\u00bb100&Prime; overflow=\u00a0\u00bbvisible\u00a0\u00bb pointer_events=\u00a0\u00bball\u00a0\u00bb][vc_column_inner column_padding=\u00a0\u00bbno-extra-padding\u00a0\u00bb column_padding_tablet=\u00a0\u00bbinherit\u00a0\u00bb column_padding_phone=\u00a0\u00bbinherit\u00a0\u00bb column_padding_position=\u00a0\u00bball\u00a0\u00bb column_element_direction_desktop=\u00a0\u00bbdefault\u00a0\u00bb column_element_spacing=\u00a0\u00bbdefault\u00a0\u00bb desktop_text_alignment=\u00a0\u00bbdefault\u00a0\u00bb tablet_text_alignment=\u00a0\u00bbdefault\u00a0\u00bb phone_text_alignment=\u00a0\u00bbdefault\u00a0\u00bb background_color_opacity=\u00a0\u00bb1&Prime; background_hover_color_opacity=\u00a0\u00bb1&Prime; column_backdrop_filter=\u00a0\u00bbnone\u00a0\u00bb column_shadow=\u00a0\u00bbnone\u00a0\u00bb column_border_radius=\u00a0\u00bbnone\u00a0\u00bb column_link_target=\u00a0\u00bb_self\u00a0\u00bb overflow=\u00a0\u00bbvisible\u00a0\u00bb gradient_direction=\u00a0\u00bbleft_to_right\u00a0\u00bb overlay_strength=\u00a0\u00bb0.3&Prime; width=\u00a0\u00bb10\/12&Prime; tablet_width_inherit=\u00a0\u00bbdefault\u00a0\u00bb animation_type=\u00a0\u00bbdefault\u00a0\u00bb bg_image_animation=\u00a0\u00bbnone\u00a0\u00bb border_type=\u00a0\u00bbsimple\u00a0\u00bb column_border_width=\u00a0\u00bbnone\u00a0\u00bb column_border_style=\u00a0\u00bbsolid\u00a0\u00bb][vc_column_text css=\u00a0\u00bb\u00a0\u00bb text_direction=\u00a0\u00bbdefault\u00a0\u00bb]\n<h1>L\u2019\u00e9quipe du Centre technologique en a\u00e9rospatiale<\/h1>\n[\/vc_column_text][\/vc_column_inner][\/vc_row_inner][vc_row_inner column_margin=\u00a0\u00bbdefault\u00a0\u00bb column_direction=\u00a0\u00bbdefault\u00a0\u00bb column_direction_tablet=\u00a0\u00bbdefault\u00a0\u00bb column_direction_phone=\u00a0\u00bbdefault\u00a0\u00bb text_align=\u00a0\u00bbleft\u00a0\u00bb row_position=\u00a0\u00bbabsolute\u00a0\u00bb row_position_tablet=\u00a0\u00bbinherit\u00a0\u00bb row_position_phone=\u00a0\u00bbinherit\u00a0\u00bb bottom_position_desktop=\u00a0\u00bb0&Prime; right_position_desktop=\u00a0\u00bb1%\u00a0\u00bb overflow=\u00a0\u00bbvisible\u00a0\u00bb pointer_events=\u00a0\u00bball\u00a0\u00bb][vc_column_inner column_padding=\u00a0\u00bbno-extra-padding\u00a0\u00bb column_padding_tablet=\u00a0\u00bbinherit\u00a0\u00bb column_padding_phone=\u00a0\u00bbinherit\u00a0\u00bb column_padding_position=\u00a0\u00bball\u00a0\u00bb column_element_direction_desktop=\u00a0\u00bbdefault\u00a0\u00bb column_element_spacing=\u00a0\u00bbdefault\u00a0\u00bb desktop_text_alignment=\u00a0\u00bbdefault\u00a0\u00bb tablet_text_alignment=\u00a0\u00bbdefault\u00a0\u00bb phone_text_alignment=\u00a0\u00bbdefault\u00a0\u00bb background_color_opacity=\u00a0\u00bb1&Prime; background_hover_color_opacity=\u00a0\u00bb1&Prime; column_backdrop_filter=\u00a0\u00bbnone\u00a0\u00bb column_shadow=\u00a0\u00bbnone\u00a0\u00bb column_border_radius=\u00a0\u00bbnone\u00a0\u00bb column_link_target=\u00a0\u00bb_self\u00a0\u00bb overflow=\u00a0\u00bbvisible\u00a0\u00bb gradient_direction=\u00a0\u00bbleft_to_right\u00a0\u00bb overlay_strength=\u00a0\u00bb0.3&Prime; width=\u00a0\u00bb1\/1&Prime; tablet_width_inherit=\u00a0\u00bbdefault\u00a0\u00bb animation_type=\u00a0\u00bbdefault\u00a0\u00bb bg_image_animation=\u00a0\u00bbnone\u00a0\u00bb border_type=\u00a0\u00bbsimple\u00a0\u00bb column_border_width=\u00a0\u00bbnone\u00a0\u00bb column_border_style=\u00a0\u00bbsolid\u00a0\u00bb][image_with_animation image_url=\u00a0\u00bb185&Prime; image_size=\u00a0\u00bbfull\u00a0\u00bb animation_type=\u00a0\u00bbentrance\u00a0\u00bb animation=\u00a0\u00bbNone\u00a0\u00bb animation_movement_type=\u00a0\u00bbtransform_y\u00a0\u00bb hover_animation=\u00a0\u00bbnone\u00a0\u00bb alignment=\u00a0\u00bbright\u00a0\u00bb border_radius=\u00a0\u00bbnone\u00a0\u00bb box_shadow=\u00a0\u00bbnone\u00a0\u00bb image_loading=\u00a0\u00bbdefault\u00a0\u00bb max_width=\u00a0\u00bb100%\u00a0\u00bb max_width_mobile=\u00a0\u00bbdefault\u00a0\u00bb el_class=\u00a0\u00bbimg_triangle\u00a0\u00bb][\/vc_column_inner][\/vc_row_inner][\/vc_column][\/vc_row][vc_row type=\u00a0\u00bbfull_width_background\u00a0\u00bb full_screen_row_position=\u00a0\u00bbmiddle\u00a0\u00bb column_margin=\u00a0\u00bbdefault\u00a0\u00bb column_direction=\u00a0\u00bbdefault\u00a0\u00bb column_direction_tablet=\u00a0\u00bbdefault\u00a0\u00bb column_direction_phone=\u00a0\u00bbdefault\u00a0\u00bb bg_color=\u00a0\u00bb#f2f2f2&Prime; scene_position=\u00a0\u00bbcenter\u00a0\u00bb top_padding=\u00a0\u00bb100&Prime; bottom_padding=\u00a0\u00bb50&Prime; text_color=\u00a0\u00bbdark\u00a0\u00bb text_align=\u00a0\u00bbleft\u00a0\u00bb row_border_radius=\u00a0\u00bbnone\u00a0\u00bb row_border_radius_applies=\u00a0\u00bbbg\u00a0\u00bb overflow=\u00a0\u00bbvisible\u00a0\u00bb overlay_strength=\u00a0\u00bb0.3&Prime; gradient_direction=\u00a0\u00bbleft_to_right\u00a0\u00bb shape_divider_position=\u00a0\u00bbbottom\u00a0\u00bb bg_image_animation=\u00a0\u00bbnone\u00a0\u00bb gradient_type=\u00a0\u00bbdefault\u00a0\u00bb shape_type=\u00a0\u00bb\u00a0\u00bb][vc_column column_padding=\u00a0\u00bbno-extra-padding\u00a0\u00bb column_padding_tablet=\u00a0\u00bbinherit\u00a0\u00bb column_padding_phone=\u00a0\u00bbinherit\u00a0\u00bb column_padding_position=\u00a0\u00bball\u00a0\u00bb column_element_direction_desktop=\u00a0\u00bbdefault\u00a0\u00bb column_element_spacing=\u00a0\u00bbdefault\u00a0\u00bb desktop_text_alignment=\u00a0\u00bbdefault\u00a0\u00bb tablet_text_alignment=\u00a0\u00bbdefault\u00a0\u00bb phone_text_alignment=\u00a0\u00bbdefault\u00a0\u00bb background_color_opacity=\u00a0\u00bb1&Prime; background_hover_color_opacity=\u00a0\u00bb1&Prime; column_backdrop_filter=\u00a0\u00bbnone\u00a0\u00bb column_shadow=\u00a0\u00bbnone\u00a0\u00bb column_border_radius=\u00a0\u00bbnone\u00a0\u00bb column_link_target=\u00a0\u00bb_self\u00a0\u00bb column_position=\u00a0\u00bbdefault\u00a0\u00bb gradient_direction=\u00a0\u00bbleft_to_right\u00a0\u00bb overlay_strength=\u00a0\u00bb0.3&Prime; width=\u00a0\u00bb2\/3&Prime; tablet_width_inherit=\u00a0\u00bbdefault\u00a0\u00bb animation_type=\u00a0\u00bbdefault\u00a0\u00bb bg_image_animation=\u00a0\u00bbnone\u00a0\u00bb border_type=\u00a0\u00bbsimple\u00a0\u00bb column_border_width=\u00a0\u00bbnone\u00a0\u00bb column_border_style=\u00a0\u00bbsolid\u00a0\u00bb][vc_column_text css_animation=\u00a0\u00bbfadeIn\u00a0\u00bb css=\u00a0\u00bb\u00a0\u00bb text_direction=\u00a0\u00bbdefault\u00a0\u00bb]\n<h2 style=\"text-align: left;\">L\u2019\u00e9quipe du CTA<\/h2>\n<p>Nos experts \u0153uvrent au sein de sept grands domaines : composites et mat\u00e9riaux avanc\u00e9s, contr\u00f4le non destructif, d\u00e9veloppement et int\u00e9gration de syst\u00e8mes a\u00e9ronautiques, fabrication m\u00e9tallique et m\u00e9trologie, intelligence artificielle, robotique et automatisation ainsi que propulsion alternative.[\/vc_column_text][\/vc_column][\/vc_row][vc_row type=\u00a0\u00bbfull_width_background\u00a0\u00bb full_screen_row_position=\u00a0\u00bbmiddle\u00a0\u00bb column_margin=\u00a0\u00bbdefault\u00a0\u00bb column_direction=\u00a0\u00bbdefault\u00a0\u00bb column_direction_tablet=\u00a0\u00bbdefault\u00a0\u00bb column_direction_phone=\u00a0\u00bbdefault\u00a0\u00bb bg_color=\u00a0\u00bb#f2f2f2&Prime; scene_position=\u00a0\u00bbcenter\u00a0\u00bb bottom_padding=\u00a0\u00bb100&Prime; bottom_padding_tablet=\u00a0\u00bb50&Prime; text_color=\u00a0\u00bbdark\u00a0\u00bb text_align=\u00a0\u00bbleft\u00a0\u00bb row_border_radius=\u00a0\u00bbnone\u00a0\u00bb row_border_radius_applies=\u00a0\u00bbbg\u00a0\u00bb overflow=\u00a0\u00bbvisible\u00a0\u00bb overlay_strength=\u00a0\u00bb0.3&Prime; gradient_direction=\u00a0\u00bbleft_to_right\u00a0\u00bb shape_divider_position=\u00a0\u00bbbottom\u00a0\u00bb bg_image_animation=\u00a0\u00bbnone\u00a0\u00bb gradient_type=\u00a0\u00bbdefault\u00a0\u00bb shape_type=\u00a0\u00bb\u00a0\u00bb][vc_column column_padding=\u00a0\u00bbno-extra-padding\u00a0\u00bb column_padding_tablet=\u00a0\u00bbinherit\u00a0\u00bb column_padding_phone=\u00a0\u00bbinherit\u00a0\u00bb column_padding_position=\u00a0\u00bball\u00a0\u00bb column_element_direction_desktop=\u00a0\u00bbdefault\u00a0\u00bb column_element_spacing=\u00a0\u00bbdefault\u00a0\u00bb desktop_text_alignment=\u00a0\u00bbdefault\u00a0\u00bb tablet_text_alignment=\u00a0\u00bbdefault\u00a0\u00bb phone_text_alignment=\u00a0\u00bbdefault\u00a0\u00bb background_color_opacity=\u00a0\u00bb1&Prime; background_hover_color_opacity=\u00a0\u00bb1&Prime; column_backdrop_filter=\u00a0\u00bbnone\u00a0\u00bb column_shadow=\u00a0\u00bbnone\u00a0\u00bb column_border_radius=\u00a0\u00bbnone\u00a0\u00bb column_link_target=\u00a0\u00bb_self\u00a0\u00bb column_position=\u00a0\u00bbdefault\u00a0\u00bb gradient_direction=\u00a0\u00bbleft_to_right\u00a0\u00bb overlay_strength=\u00a0\u00bb0.3&Prime; width=\u00a0\u00bb1\/1&Prime; tablet_width_inherit=\u00a0\u00bbdefault\u00a0\u00bb animation_type=\u00a0\u00bbdefault\u00a0\u00bb bg_image_animation=\u00a0\u00bbnone\u00a0\u00bb border_type=\u00a0\u00bbsimple\u00a0\u00bb column_border_width=\u00a0\u00bbnone\u00a0\u00bb column_border_style=\u00a0\u00bbsolid\u00a0\u00bb][vc_column_text css=\u00a0\u00bb\u00a0\u00bb text_direction=\u00a0\u00bbdefault\u00a0\u00bb]        <div class=\"list_membres_equipe\">\r\n                            <div class=\"vc_col-sm-3 vc_col-xs-12 wpb_column column_container vc_column_container col no-extra-padding inherit_tablet inherit_phone instance-9 one-fourths my_col_membre_equipe\">\r\n                    <div class=\"vc_column-inner\">\r\n                        <div class=\"column-bg-overlay-wrap\" data-bg-animation=\"none\">\r\n                            <div class=\"column-bg-overlay\"><\/div>\r\n                        <\/div>\r\n                        <div class=\"wpb_wrapper\">\r\n                            <div class=\"team-member\" data-style=\"bio_fullscreen_alt\">\r\n                                <div class=\"team-member-image\">\r\n                                    <div class=\"team-member-image-inner\">\r\n                                        <img decoding=\"async\" class=\"img_membre_equipe\" src=\"https:\/\/aerocta.ca\/wp-content\/uploads\/2025\/08\/cta-fredericparent-1.jpg\" alt=\"Fr\u00e9d\u00e9ric Parent\" \/>\r\n                                    <\/div>\r\n                                <\/div>\r\n                                <div class=\"team-member-overlay\"><\/div>\r\n                                <div class=\"team-meta\">\r\n                                    <h3><b class=\"nomequipe\">Fr\u00e9d\u00e9ric Parent<\/b><br\/>\r\n                                    Directeur g\u00e9n\u00e9ral                                    <br\/>                                    <\/h3>\r\n                                    \r\n                                    \r\n                                    \r\n                                    \r\n                                <\/div>\r\n                                <div class=\"nectar_team_bio_img\" data-img-src=\"https:\/\/aerocta.ca\/wp-content\/uploads\/2025\/08\/cta-fredericparent-1.jpg\"><\/div>\r\n                                <div class=\"nectar_team_bio\">\r\n                                    <div class=\"margin_t_30\">\r\n\r\n                                        <p>D\u00e9tenteur d\u2019une ma\u00eetrise en ing\u00e9nierie de l\u2019\u00c9cole de technologie sup\u00e9rieure, Fr\u00e9d\u00e9ric Parent s\u2019est int\u00e9ress\u00e9 d\u00e8s ses \u00e9tudes au d\u00e9ploiement d\u2019une strat\u00e9gie pour piloter une culture d\u2019innovation. Il a par la suite eu de multiples occasions de mettre ces concepts en pratique au sein de diverses organisations pour lesquelles il a men\u00e9 avec brio des transformations d\u2019envergure.<\/p>\n<p>Reconnu pour son leadership collaboratif, Fr\u00e9d\u00e9ric Parent a \u0153uvr\u00e9 dans diff\u00e9rentes organisations \u00e0 l\u2019\u00e9chelle nationale et internationale. Il sait r\u00e9unir ses \u00e9quipes vers des objectifs de croissance et de d\u00e9veloppement communs tout en en maximisant les retomb\u00e9es pour l\u2019institution, les partenaires ainsi que les clients. Il a notamment pour mandat de poursuivre la croissance du CTA ainsi que la cr\u00e9ation de nouveaux partenariats, tout en r\u00e9alisant la nouvelle planification strat\u00e9gique quinquennale.<\/p>\n                                                                                <a class=\"btn_underline_black\" href=\"mailto:frederic.parent@aerocta.ca\">frederic.parent@aerocta.ca<\/a><\/br>\r\n                                                                                \r\n                                                                                \r\n                                                                            <\/div>\r\n                                <\/div>\r\n                            <\/div>\r\n                        <\/div>\r\n                    <\/div>\r\n                <\/div>\r\n                            <div class=\"vc_col-sm-3 vc_col-xs-12 wpb_column column_container vc_column_container col no-extra-padding inherit_tablet inherit_phone instance-9 one-fourths my_col_membre_equipe\">\r\n                    <div class=\"vc_column-inner\">\r\n                        <div class=\"column-bg-overlay-wrap\" data-bg-animation=\"none\">\r\n                            <div class=\"column-bg-overlay\"><\/div>\r\n                        <\/div>\r\n                        <div class=\"wpb_wrapper\">\r\n                            <div class=\"team-member\" data-style=\"bio_fullscreen_alt\">\r\n                                <div class=\"team-member-image\">\r\n                                    <div class=\"team-member-image-inner\">\r\n                                        <img decoding=\"async\" class=\"img_membre_equipe\" src=\"https:\/\/aerocta.ca\/wp-content\/uploads\/2025\/08\/cta-sergestmartin-1.jpg\" alt=\"Serge St-Martin, ing., M. Ing.\" \/>\r\n                                    <\/div>\r\n                                <\/div>\r\n                                <div class=\"team-member-overlay\"><\/div>\r\n                                <div class=\"team-meta\">\r\n                                    <h3><b class=\"nomequipe\">Serge St-Martin, ing., M. Ing.<\/b><br\/>\r\n                                    Directeur gestion de programmes et assurance qualit\u00e9 et chef de secteur - Propulsion alternative                                    <br\/>                                    <\/h3>\r\n                                    \r\n                                    \r\n                                    \r\n                                    \r\n                                <\/div>\r\n                                <div class=\"nectar_team_bio_img\" data-img-src=\"https:\/\/aerocta.ca\/wp-content\/uploads\/2025\/08\/cta-sergestmartin-1.jpg\"><\/div>\r\n                                <div class=\"nectar_team_bio\">\r\n                                    <div class=\"margin_t_30\">\r\n\r\n                                        <p>Ing\u00e9nieur en proc\u00e9d\u00e9s d\u2019usinage, Serge est dipl\u00f4m\u00e9 d\u2019un baccalaur\u00e9at et d\u2019une ma\u00eetrise en g\u00e9nie m\u00e9canique de l\u2019\u00c9cole de technologie sup\u00e9rieure (\u00c9TS). Il obtient son baccalaur\u00e9at en 1998 et sa ma\u00eetrise en 2000. Ensuite, il est embauch\u00e9 chez Dassault Syst\u00e8mes Inc. comme consultant en CAO de 2001 \u00e0 2004.<\/p>\n<p>Il devient charg\u00e9 de cours au d\u00e9partement de g\u00e9nie m\u00e9canique \u00e0 l\u2019\u00c9TS de mai 2004 \u00e0 ao\u00fbt 2008 et se sp\u00e9cialise dans les proc\u00e9d\u00e9s d\u2019usinage haute vitesse. Il int\u00e8gre finalement l\u2019\u00e9quipe du CTA en septembre 2008.<\/p>\n<p>Ses domaines d\u2019expertise \u00e9tant l\u2019usinage automatis\u00e9, l\u2019usinage des mat\u00e9riaux composites et l\u2019inspection en machines-outils, il est nomm\u00e9 chef d\u2019\u00e9quipe du secteur fabrication m\u00e9tallique.<\/p>\n<p>Puis, depuis janvier 2022 il est nomm\u00e9 directeur du nouveau poste de gestion de programmes et assurance qualit\u00e9 du CTA.<\/p>\n                                                                                <a class=\"btn_underline_black\" href=\"mailto:serge.st-martin@aerocta.ca\">serge.st-martin@aerocta.ca<\/a><\/br>\r\n                                                                                \r\n                                                                                \r\n                                                                            <\/div>\r\n                                <\/div>\r\n                            <\/div>\r\n                        <\/div>\r\n                    <\/div>\r\n                <\/div>\r\n                            <div class=\"vc_col-sm-3 vc_col-xs-12 wpb_column column_container vc_column_container col no-extra-padding inherit_tablet inherit_phone instance-9 one-fourths my_col_membre_equipe\">\r\n                    <div class=\"vc_column-inner\">\r\n                        <div class=\"column-bg-overlay-wrap\" data-bg-animation=\"none\">\r\n                            <div class=\"column-bg-overlay\"><\/div>\r\n                        <\/div>\r\n                        <div class=\"wpb_wrapper\">\r\n                            <div class=\"team-member\" data-style=\"bio_fullscreen_alt\">\r\n                                <div class=\"team-member-image\">\r\n                                    <div class=\"team-member-image-inner\">\r\n                                        <img decoding=\"async\" class=\"img_membre_equipe\" src=\"https:\/\/aerocta.ca\/wp-content\/uploads\/2025\/08\/cta-francoislebel-1.jpg\" alt=\"Fran\u00e7ois LeBel, ing., Ph.D.\" \/>\r\n                                    <\/div>\r\n                                <\/div>\r\n                                <div class=\"team-member-overlay\"><\/div>\r\n                                <div class=\"team-meta\">\r\n                                    <h3><b class=\"nomequipe\">Fran\u00e7ois LeBel, ing., Ph.D.<\/b><br\/>\r\n                                    Directeur d'unit\u00e9 | Mat\u00e9riaux, Inspection & Proc\u00e9d\u00e9s                                    <br\/>                                    <\/h3>\r\n                                    \r\n                                    \r\n                                    \r\n                                    \r\n                                <\/div>\r\n                                <div class=\"nectar_team_bio_img\" data-img-src=\"https:\/\/aerocta.ca\/wp-content\/uploads\/2025\/08\/cta-francoislebel-1.jpg\"><\/div>\r\n                                <div class=\"nectar_team_bio\">\r\n                                    <div class=\"margin_t_30\">\r\n\r\n                                        <p>Fran\u00e7ois travaille au CTA depuis juillet 2019. Successivement dans un r\u00f4le de charg\u00e9 de projets s\u00e9nior sp\u00e9cialiste en proc\u00e9d\u00e9s de fabrication des polym\u00e8res et de chef du secteur Composites et mat\u00e9riaux avanc\u00e9s au CTA, il occupe maintenant le poste de directeur de l&rsquo;unit\u00e9 <em>Mat\u00e9riaux, Inspection &amp; Proc\u00e9d\u00e9s<\/em>. Il est \u00e9galement professeur associ\u00e9 au d\u00e9partement de g\u00e9nie a\u00e9rospatial de l\u2019\u00c9cole de technologie sup\u00e9rieure de Montr\u00e9al.<\/p>\n<p>En incluant ses activit\u00e9s professionnelles pr\u00e9sentes, il m\u00e8ne des travaux de R&amp;D, depuis 2004, sur le d\u00e9veloppement des proc\u00e9d\u00e9s de mise en forme des mat\u00e9riaux composites \u00e0 matrice organique et \u00e0 matrice c\u00e9ramique ainsi que leur fabrication virtuelle.<\/p>\n<p>Fran\u00e7ois a obtenu son baccalaur\u00e9at en g\u00e9nie a\u00e9ronautique de l\u2019\u00c9cole Polytechnique de Montr\u00e9al en 2004. En 2005, il a obtenu son \u00ab Master Recherche \u00bb, conjointement de l\u2019ENSAM de Paris, de l\u2019\u00c9NS de Cachan et de l\u2019Universit\u00e9 Paris-VI, en mod\u00e9lisation multi-physique des proc\u00e9d\u00e9s de fabrication et en m\u00e9thodes avanc\u00e9es de calcul num\u00e9rique.<\/p>\n<p>En 2012, il a obtenu son doctorat de l\u2019\u00c9cole Polytechnique de Montr\u00e9al en contr\u00f4le de proc\u00e9d\u00e9 de fabrication des composites \u00e0 matrice thermodurcissable par injection sur renforts pour des applications automobiles (General Motors) et a\u00e9ronautiques (Safran). Avant de joindre le CTA, Fran\u00e7ois a travaill\u00e9 au centre de R&amp;D de General Electric (GEGRC) \u00e0 Niskayuna dans l\u2019\u00e9tat de New York (USA) de 2012 \u00e0 2019.<\/p>\n                                                                                <a class=\"btn_underline_black\" href=\"mailto:francois.lebel@aerocta.ca\">francois.lebel@aerocta.ca<\/a><\/br>\r\n                                                                                \r\n                                                                                \r\n                                                                            <\/div>\r\n                                <\/div>\r\n                            <\/div>\r\n                        <\/div>\r\n                    <\/div>\r\n                <\/div>\r\n                            <div class=\"vc_col-sm-3 vc_col-xs-12 wpb_column column_container vc_column_container col no-extra-padding inherit_tablet inherit_phone instance-9 one-fourths my_col_membre_equipe\">\r\n                    <div class=\"vc_column-inner\">\r\n                        <div class=\"column-bg-overlay-wrap\" data-bg-animation=\"none\">\r\n                            <div class=\"column-bg-overlay\"><\/div>\r\n                        <\/div>\r\n                        <div class=\"wpb_wrapper\">\r\n                            <div class=\"team-member\" data-style=\"bio_fullscreen_alt\">\r\n                                <div class=\"team-member-image\">\r\n                                    <div class=\"team-member-image-inner\">\r\n                                        <img decoding=\"async\" class=\"img_membre_equipe\" src=\"https:\/\/aerocta.ca\/wp-content\/uploads\/2025\/08\/cta-mariosevigny-1.jpg\" alt=\"Mario S\u00e9vigny\" \/>\r\n                                    <\/div>\r\n                                <\/div>\r\n                                <div class=\"team-member-overlay\"><\/div>\r\n                                <div class=\"team-meta\">\r\n                                    <h3><b class=\"nomequipe\">Mario S\u00e9vigny<\/b><br\/>\r\n                                    Directeur d\u00e9veloppement strat\u00e9gique                                    <br\/>                                    <\/h3>\r\n                                    \r\n                                    \r\n                                    \r\n                                    \r\n                                <\/div>\r\n                                <div class=\"nectar_team_bio_img\" data-img-src=\"https:\/\/aerocta.ca\/wp-content\/uploads\/2025\/08\/cta-mariosevigny-1.jpg\"><\/div>\r\n                                <div class=\"nectar_team_bio\">\r\n                                    <div class=\"margin_t_30\">\r\n\r\n                                        <p>Entrepreneur reconnu dans le secteur a\u00e9ronautique, Mario S\u00e9vigny s\u2019est distingu\u00e9 par sa capacit\u00e9 \u00e0 transformer une id\u00e9e en un groupe d\u2019envergure internationale. Cofondateur de MSB en 2005, il a b\u00e2ti une entreprise sp\u00e9cialis\u00e9e dans la conception et la fabrication de composants pour les int\u00e9rieurs d\u2019avion, devenue en moins de 15 ans une r\u00e9f\u00e9rence mondiale.<\/p>\n<p>Sous sa direction, MSB a franchi des \u00e9tapes marquantes : incubation r\u00e9ussie au Centre technologique en a\u00e9rospatiale, lancement de la division MSB Ressources Globales en 2011 et int\u00e9gration strat\u00e9gique \u00e0 Sogeclair SA en 2014. En 2020, l\u2019entreprise affichait un chiffre d\u2019affaires de plus de 50 M$ et employait plus de 500 personnes \u00e0 travers le monde, contribuant directement \u00e0 la croissance du groupe Sogeclair, qui comptait alors plus de 1 300 employ\u00e9s et un chiffre d\u2019affaires de 123 M\u20ac.<\/p>\n<p>Au-del\u00e0 de la r\u00e9ussite de MSB, Mario s\u2019illustre par son engagement aupr\u00e8s de la communaut\u00e9 d\u2019affaires. Administrateur du Centre d\u2019aide aux entreprises de la Rive-Sud, il offre \u00e9galement du coaching et du mentorat \u00e0 de jeunes entrepreneurs. De 2016 \u00e0 2021, il a aussi contribu\u00e9 activement au conseil de l\u2019attractivit\u00e9 de Montr\u00e9al Internationale.<\/p>\n<p>Dipl\u00f4m\u00e9 de l\u2019\u00c9cole nationale d\u2019a\u00e9ronautique de Saint-Hubert et fort de pr\u00e8s de 30 ans d\u2019exp\u00e9rience, Mario combine expertise technique, vision strat\u00e9gique et esprit entrepreneurial. Ses r\u00e9alisations t\u00e9moignent d\u2019une volont\u00e9 constante de b\u00e2tir, de faire cro\u00eetre et de contribuer \u00e0 l\u2019\u00e9cosyst\u00e8me a\u00e9ronautique qu\u00e9b\u00e9cois et international.<\/p>\n                                                                                <a class=\"btn_underline_black\" href=\"mailto:mario.sevigny@aerocta.ca\">mario.sevigny@aerocta.ca<\/a><\/br>\r\n                                                                                \r\n                                                                                \r\n                                                                            <\/div>\r\n                                <\/div>\r\n                            <\/div>\r\n                        <\/div>\r\n                    <\/div>\r\n                <\/div>\r\n                            <div class=\"vc_col-sm-3 vc_col-xs-12 wpb_column column_container vc_column_container col no-extra-padding inherit_tablet inherit_phone instance-9 one-fourths my_col_membre_equipe\">\r\n                    <div class=\"vc_column-inner\">\r\n                        <div class=\"column-bg-overlay-wrap\" data-bg-animation=\"none\">\r\n                            <div class=\"column-bg-overlay\"><\/div>\r\n                        <\/div>\r\n                        <div class=\"wpb_wrapper\">\r\n                            <div class=\"team-member\" data-style=\"bio_fullscreen_alt\">\r\n                                <div class=\"team-member-image\">\r\n                                    <div class=\"team-member-image-inner\">\r\n                                        <img decoding=\"async\" class=\"img_membre_equipe\" src=\"https:\/\/aerocta.ca\/wp-content\/uploads\/2025\/08\/cta-etiennegendron-1.jpg\" alt=\"\u00c9tienne Gendron, M.Sc.A, ing\" \/>\r\n                                    <\/div>\r\n                                <\/div>\r\n                                <div class=\"team-member-overlay\"><\/div>\r\n                                <div class=\"team-meta\">\r\n                                    <h3><b class=\"nomequipe\">\u00c9tienne Gendron, M.Sc.A, ing<\/b><br\/>\r\n                                    Directeur adjoint au d\u00e9veloppement des affaires | Mobilit\u00e9 a\u00e9rienne & Syst\u00e8mes                                    <br\/>                                    <\/h3>\r\n                                    \r\n                                    \r\n                                    \r\n                                    \r\n                                <\/div>\r\n                                <div class=\"nectar_team_bio_img\" data-img-src=\"https:\/\/aerocta.ca\/wp-content\/uploads\/2025\/08\/cta-etiennegendron-1.jpg\"><\/div>\r\n                                <div class=\"nectar_team_bio\">\r\n                                    <div class=\"margin_t_30\">\r\n\r\n                                        <p>\u00c9tienne Gendron est un ing\u00e9nieur passionn\u00e9 d\u2019innovation technologique, sp\u00e9cialis\u00e9 en robotique et en a\u00e9ronautique. Dipl\u00f4m\u00e9 d\u2019une technique en g\u00e9nie a\u00e9rospatial de l\u2019\u00c9cole nationale d\u2019a\u00e9rotechnique ainsi que d\u2019un baccalaur\u00e9at et une ma\u00eetrise en g\u00e9nie robotique de l\u2019Universit\u00e9 de Sherbrooke, il conjugue une expertise pointue en robotique avec une vision tourn\u00e9e vers l\u2019avenir de l\u2019a\u00e9rospatial et de la mobilit\u00e9 a\u00e9rienne avanc\u00e9e.<\/p>\n<p>Directeur adjoint au d\u00e9veloppement des affaires pour l&rsquo;unit\u00e9 d&rsquo;affaire <em>Mobilit\u00e9 a\u00e9rienne &amp; Syst\u00e8mes<\/em>, il pilote de multiples projets de recherche et d\u00e9veloppement visant \u00e0 int\u00e9grer des solutions robotiques de pointe dans les proc\u00e9d\u00e9s a\u00e9ronautiques, tout en r\u00e9duisant l\u2019empreinte environnementale et en rehaussant la performance industrielle.<\/p>\n<p>En parall\u00e8le, \u00c9tienne transmet sa passion en enseignant les Technologies nouvelles en robotique \u00e0 la formation continue de l\u2019\u00c9NA et \u00e0 l\u2019Universit\u00e9 de Sherbrooke. Pilote et concepteur de drones, il mise sur la convergence entre robotique, intelligence artificielle et a\u00e9ronautique pour imaginer et concr\u00e9tiser les op\u00e9rations a\u00e9riennes de demain.<\/p>\n                                                                                <a class=\"btn_underline_black\" href=\"mailto:etienne.gendron@aerocta.ca\">etienne.gendron@aerocta.ca<\/a><\/br>\r\n                                                                                \r\n                                                                                \r\n                                                                                    <a class=\"icon_link\" target=\"_blank\" href=\"https:\/\/www.linkedin.com\/in\/etienne-gendron\/\">\r\n                                                <i class=\"fa fa-linkedin\" aria-hidden=\"true\"><\/i>\r\n                                            <\/a><\/br>\r\n                                                                            <\/div>\r\n                                <\/div>\r\n                            <\/div>\r\n                        <\/div>\r\n                    <\/div>\r\n                <\/div>\r\n                            <div class=\"vc_col-sm-3 vc_col-xs-12 wpb_column column_container vc_column_container col no-extra-padding inherit_tablet inherit_phone instance-9 one-fourths my_col_membre_equipe\">\r\n                    <div class=\"vc_column-inner\">\r\n                        <div class=\"column-bg-overlay-wrap\" data-bg-animation=\"none\">\r\n                            <div class=\"column-bg-overlay\"><\/div>\r\n                        <\/div>\r\n                        <div class=\"wpb_wrapper\">\r\n                            <div class=\"team-member\" data-style=\"bio_fullscreen_alt\">\r\n                                <div class=\"team-member-image\">\r\n                                    <div class=\"team-member-image-inner\">\r\n                                        <img decoding=\"async\" class=\"img_membre_equipe\" src=\"https:\/\/aerocta.ca\/wp-content\/uploads\/2025\/08\/cta-rejeanroy-1.jpg\" alt=\"R\u00e9jean Roy, ing., M. Ing.\" \/>\r\n                                    <\/div>\r\n                                <\/div>\r\n                                <div class=\"team-member-overlay\"><\/div>\r\n                                <div class=\"team-meta\">\r\n                                    <h3><b class=\"nomequipe\">R\u00e9jean Roy, ing., M. Ing.<\/b><br\/>\r\n                                    Chef de secteur - Fabrication m\u00e9tallique et m\u00e9trologie                                    <br\/>                                    <\/h3>\r\n                                    \r\n                                    \r\n                                    \r\n                                    \r\n                                <\/div>\r\n                                <div class=\"nectar_team_bio_img\" data-img-src=\"https:\/\/aerocta.ca\/wp-content\/uploads\/2025\/08\/cta-rejeanroy-1.jpg\"><\/div>\r\n                                <div class=\"nectar_team_bio\">\r\n                                    <div class=\"margin_t_30\">\r\n\r\n                                        <p>R\u00e9jean est titulaire d\u2019un baccalaur\u00e9at et d\u2019une ma\u00eetrise de l\u2019\u00c9cole de technologie sup\u00e9rieure \u00c9TS en g\u00e9nie m\u00e9canique. Il poss\u00e8de \u00e9galement une formation M.B.A. \u00e0 l\u2019Universit\u00e9 de Sherbrooke.<\/p>\n<p>Il a acquis une exp\u00e9rience solide dans les domaines du g\u00e9nie m\u00e9canique, de l\u2019usinage, de l\u2019a\u00e9rospatiale, des proc\u00e9d\u00e9s de fabrication, des commandes num\u00e9riques et de mod\u00e9lisation num\u00e9rique en travaillant comme ing\u00e9nieur stagiaire \u00e0 Pratt &amp; Whitney Canada et \u00e0 Bridgestone\/Firestone et comme adjoint de recherche de niveau ma\u00eetrise au d\u00e9partement de g\u00e9nie m\u00e9canique de l\u2019\u00c9TS. Il a rejoint l\u2019\u00e9quipe du CTA en juin 2007 au poste d\u2019ing\u00e9nieur en d\u00e9veloppement et fabrication pour le secteur de la fabrication m\u00e9tallique.<\/p>\n<p>Il est actuellement chef d\u2019\u00e9quipe du secteur fabrication m\u00e9tallique et m\u00e9trologie. Ses domaines d\u2019expertise sont l\u2019usinage automatis\u00e9, l\u2019inspection en machines-outils et le traitement de donn\u00e9es provenant de proc\u00e9d\u00e9s de fabrication.<\/p>\n                                                                                <a class=\"btn_underline_black\" href=\"mailto:rejean.roy@aerocta.ca\">rejean.roy@aerocta.ca<\/a><\/br>\r\n                                                                                \r\n                                                                                \r\n                                                                            <\/div>\r\n                                <\/div>\r\n                            <\/div>\r\n                        <\/div>\r\n                    <\/div>\r\n                <\/div>\r\n                    <\/div>\r\n    [\/vc_column_text][\/vc_column][\/vc_row][vc_row type=\u00a0\u00bbfull_width_background\u00a0\u00bb full_screen_row_position=\u00a0\u00bbmiddle\u00a0\u00bb column_margin=\u00a0\u00bbdefault\u00a0\u00bb column_direction=\u00a0\u00bbdefault\u00a0\u00bb column_direction_tablet=\u00a0\u00bbdefault\u00a0\u00bb column_direction_phone=\u00a0\u00bbdefault\u00a0\u00bb bg_color=\u00a0\u00bb#f2f2f2&Prime; scene_position=\u00a0\u00bbcenter\u00a0\u00bb bottom_padding=\u00a0\u00bb150&Prime; bottom_padding_tablet=\u00a0\u00bb100&Prime; text_color=\u00a0\u00bbdark\u00a0\u00bb text_align=\u00a0\u00bbleft\u00a0\u00bb row_border_radius=\u00a0\u00bbnone\u00a0\u00bb row_border_radius_applies=\u00a0\u00bbbg\u00a0\u00bb overflow=\u00a0\u00bbvisible\u00a0\u00bb overlay_strength=\u00a0\u00bb0.3&Prime; gradient_direction=\u00a0\u00bbleft_to_right\u00a0\u00bb shape_divider_position=\u00a0\u00bbbottom\u00a0\u00bb bg_image_animation=\u00a0\u00bbnone\u00a0\u00bb gradient_type=\u00a0\u00bbdefault\u00a0\u00bb shape_type=\u00a0\u00bb\u00a0\u00bb][vc_column column_padding=\u00a0\u00bbno-extra-padding\u00a0\u00bb column_padding_tablet=\u00a0\u00bbinherit\u00a0\u00bb column_padding_phone=\u00a0\u00bbinherit\u00a0\u00bb column_padding_position=\u00a0\u00bball\u00a0\u00bb column_element_direction_desktop=\u00a0\u00bbdefault\u00a0\u00bb column_element_spacing=\u00a0\u00bbdefault\u00a0\u00bb desktop_text_alignment=\u00a0\u00bbdefault\u00a0\u00bb tablet_text_alignment=\u00a0\u00bbdefault\u00a0\u00bb phone_text_alignment=\u00a0\u00bbdefault\u00a0\u00bb background_color_opacity=\u00a0\u00bb1&Prime; background_hover_color_opacity=\u00a0\u00bb1&Prime; column_backdrop_filter=\u00a0\u00bbnone\u00a0\u00bb column_shadow=\u00a0\u00bbnone\u00a0\u00bb column_border_radius=\u00a0\u00bbnone\u00a0\u00bb column_link_target=\u00a0\u00bb_self\u00a0\u00bb column_position=\u00a0\u00bbdefault\u00a0\u00bb gradient_direction=\u00a0\u00bbleft_to_right\u00a0\u00bb overlay_strength=\u00a0\u00bb0.3&Prime; width=\u00a0\u00bb1\/6&Prime; tablet_width_inherit=\u00a0\u00bbdefault\u00a0\u00bb animation_type=\u00a0\u00bbdefault\u00a0\u00bb bg_image_animation=\u00a0\u00bbnone\u00a0\u00bb border_type=\u00a0\u00bbsimple\u00a0\u00bb column_border_width=\u00a0\u00bbnone\u00a0\u00bb column_border_style=\u00a0\u00bbsolid\u00a0\u00bb][\/vc_column][vc_column column_padding=\u00a0\u00bbno-extra-padding\u00a0\u00bb column_padding_tablet=\u00a0\u00bbinherit\u00a0\u00bb column_padding_phone=\u00a0\u00bbinherit\u00a0\u00bb column_padding_position=\u00a0\u00bball\u00a0\u00bb column_element_direction_desktop=\u00a0\u00bbdefault\u00a0\u00bb column_element_spacing=\u00a0\u00bbdefault\u00a0\u00bb desktop_text_alignment=\u00a0\u00bbdefault\u00a0\u00bb tablet_text_alignment=\u00a0\u00bbdefault\u00a0\u00bb phone_text_alignment=\u00a0\u00bbdefault\u00a0\u00bb background_color_opacity=\u00a0\u00bb1&Prime; background_hover_color_opacity=\u00a0\u00bb1&Prime; column_backdrop_filter=\u00a0\u00bbnone\u00a0\u00bb column_shadow=\u00a0\u00bbnone\u00a0\u00bb column_border_radius=\u00a0\u00bbnone\u00a0\u00bb column_link_target=\u00a0\u00bb_self\u00a0\u00bb column_position=\u00a0\u00bbdefault\u00a0\u00bb gradient_direction=\u00a0\u00bbleft_to_right\u00a0\u00bb overlay_strength=\u00a0\u00bb0.3&Prime; width=\u00a0\u00bb2\/3&Prime; tablet_width_inherit=\u00a0\u00bbdefault\u00a0\u00bb animation_type=\u00a0\u00bbdefault\u00a0\u00bb bg_image_animation=\u00a0\u00bbnone\u00a0\u00bb border_type=\u00a0\u00bbsimple\u00a0\u00bb column_border_width=\u00a0\u00bbnone\u00a0\u00bb column_border_style=\u00a0\u00bbsolid\u00a0\u00bb][vc_column_text css_animation=\u00a0\u00bbfadeIn\u00a0\u00bb css=\u00a0\u00bb\u00a0\u00bb text_direction=\u00a0\u00bbdefault\u00a0\u00bb]\n<h2 style=\"text-align: center;\">Envie de contribuer \u00e0 des projets innovants en a\u00e9rospatiale? Joignez-vous \u00e0 l\u2019\u00e9quipe du CTA<\/h2>\n[\/vc_column_text][nectar_cta btn_style=\u00a0\u00bbbasic\u00a0\u00bb heading_tag=\u00a0\u00bbh6&Prime; button_color=\u00a0\u00bbaccent-color\u00a0\u00bb button_color_hover=\u00a0\u00bb#2b557f\u00a0\u00bb text_color=\u00a0\u00bb#f2f2f2&Prime; button_border_thickness=\u00a0\u00bb0px\u00a0\u00bb link_type=\u00a0\u00bbregular\u00a0\u00bb alignment=\u00a0\u00bbcenter\u00a0\u00bb alignment_tablet=\u00a0\u00bbdefault\u00a0\u00bb alignment_phone=\u00a0\u00bbdefault\u00a0\u00bb constrain_group_4=\u00a0\u00bbyes\u00a0\u00bb display=\u00a0\u00bbblock\u00a0\u00bb display_tablet=\u00a0\u00bbinherit\u00a0\u00bb display_phone=\u00a0\u00bbinherit\u00a0\u00bb icon_family=\u00a0\u00bbnone\u00a0\u00bb link_text=\u00a0\u00bbvoir nos postes disponibles\u00a0\u00bb padding_top=\u00a0\u00bb10&Prime; padding_bottom=\u00a0\u00bb10&Prime; padding_left=\u00a0\u00bb30&Prime; padding_right=\u00a0\u00bb30&Prime; margin_top=\u00a0\u00bb50&Prime; url=\u00a0\u00bb\/carrieres\/#postes-disponibles\u00a0\u00bb][\/vc_column][vc_column column_padding=\u00a0\u00bbno-extra-padding\u00a0\u00bb column_padding_tablet=\u00a0\u00bbinherit\u00a0\u00bb column_padding_phone=\u00a0\u00bbinherit\u00a0\u00bb column_padding_position=\u00a0\u00bball\u00a0\u00bb column_element_direction_desktop=\u00a0\u00bbdefault\u00a0\u00bb column_element_spacing=\u00a0\u00bbdefault\u00a0\u00bb desktop_text_alignment=\u00a0\u00bbdefault\u00a0\u00bb tablet_text_alignment=\u00a0\u00bbdefault\u00a0\u00bb phone_text_alignment=\u00a0\u00bbdefault\u00a0\u00bb background_color_opacity=\u00a0\u00bb1&Prime; background_hover_color_opacity=\u00a0\u00bb1&Prime; column_backdrop_filter=\u00a0\u00bbnone\u00a0\u00bb column_shadow=\u00a0\u00bbnone\u00a0\u00bb column_border_radius=\u00a0\u00bbnone\u00a0\u00bb column_link_target=\u00a0\u00bb_self\u00a0\u00bb column_position=\u00a0\u00bbdefault\u00a0\u00bb gradient_direction=\u00a0\u00bbleft_to_right\u00a0\u00bb overlay_strength=\u00a0\u00bb0.3&Prime; width=\u00a0\u00bb1\/6&Prime; tablet_width_inherit=\u00a0\u00bbdefault\u00a0\u00bb animation_type=\u00a0\u00bbdefault\u00a0\u00bb bg_image_animation=\u00a0\u00bbnone\u00a0\u00bb border_type=\u00a0\u00bbsimple\u00a0\u00bb column_border_width=\u00a0\u00bbnone\u00a0\u00bb column_border_style=\u00a0\u00bbsolid\u00a0\u00bb][\/vc_column][\/vc_row][vc_row type=\u00a0\u00bbin_container\u00a0\u00bb full_screen_row_position=\u00a0\u00bbmiddle\u00a0\u00bb column_margin=\u00a0\u00bbdefault\u00a0\u00bb column_direction=\u00a0\u00bbdefault\u00a0\u00bb column_direction_tablet=\u00a0\u00bbdefault\u00a0\u00bb column_direction_phone=\u00a0\u00bbdefault\u00a0\u00bb scene_position=\u00a0\u00bbcenter\u00a0\u00bb top_padding=\u00a0\u00bb150&Prime; text_color=\u00a0\u00bbdark\u00a0\u00bb text_align=\u00a0\u00bbleft\u00a0\u00bb row_border_radius=\u00a0\u00bbnone\u00a0\u00bb row_border_radius_applies=\u00a0\u00bbbg\u00a0\u00bb overflow=\u00a0\u00bbvisible\u00a0\u00bb overlay_strength=\u00a0\u00bb0.3&Prime; gradient_direction=\u00a0\u00bbleft_to_right\u00a0\u00bb shape_divider_position=\u00a0\u00bbbottom\u00a0\u00bb bg_image_animation=\u00a0\u00bbnone\u00a0\u00bb gradient_type=\u00a0\u00bbdefault\u00a0\u00bb shape_type=\u00a0\u00bb\u00a0\u00bb][vc_column column_padding=\u00a0\u00bbno-extra-padding\u00a0\u00bb column_padding_tablet=\u00a0\u00bbinherit\u00a0\u00bb column_padding_phone=\u00a0\u00bbinherit\u00a0\u00bb column_padding_position=\u00a0\u00bball\u00a0\u00bb column_element_direction_desktop=\u00a0\u00bbdefault\u00a0\u00bb column_element_spacing=\u00a0\u00bbdefault\u00a0\u00bb desktop_text_alignment=\u00a0\u00bbdefault\u00a0\u00bb tablet_text_alignment=\u00a0\u00bbdefault\u00a0\u00bb phone_text_alignment=\u00a0\u00bbdefault\u00a0\u00bb background_color_opacity=\u00a0\u00bb1&Prime; background_hover_color_opacity=\u00a0\u00bb1&Prime; column_backdrop_filter=\u00a0\u00bbnone\u00a0\u00bb column_shadow=\u00a0\u00bbnone\u00a0\u00bb column_border_radius=\u00a0\u00bbnone\u00a0\u00bb column_link_target=\u00a0\u00bb_self\u00a0\u00bb column_position=\u00a0\u00bbdefault\u00a0\u00bb gradient_direction=\u00a0\u00bbleft_to_right\u00a0\u00bb overlay_strength=\u00a0\u00bb0.3&Prime; width=\u00a0\u00bb2\/3&Prime; tablet_width_inherit=\u00a0\u00bbdefault\u00a0\u00bb animation_type=\u00a0\u00bbdefault\u00a0\u00bb bg_image_animation=\u00a0\u00bbnone\u00a0\u00bb border_type=\u00a0\u00bbsimple\u00a0\u00bb column_border_width=\u00a0\u00bbnone\u00a0\u00bb column_border_style=\u00a0\u00bbsolid\u00a0\u00bb][vc_column_text css_animation=\u00a0\u00bbfadeIn\u00a0\u00bb css=\u00a0\u00bb\u00a0\u00bb text_direction=\u00a0\u00bbdefault\u00a0\u00bb]\n<h2>Conseil d\u2019administration<\/h2>\n<p>Ce savoir-faire est soutenu par un conseil d\u2019administration engag\u00e9, responsable des orientations strat\u00e9giques et de la gouvernance du CTA. Il est compos\u00e9 de membres issus de l\u2019industrie, du milieu acad\u00e9mique et d&rsquo;organismes gouvernementaux.[\/vc_column_text][\/vc_column][\/vc_row][vc_row type=\u00a0\u00bbin_container\u00a0\u00bb full_screen_row_position=\u00a0\u00bbmiddle\u00a0\u00bb column_margin=\u00a0\u00bbdefault\u00a0\u00bb column_direction=\u00a0\u00bbdefault\u00a0\u00bb column_direction_tablet=\u00a0\u00bbdefault\u00a0\u00bb column_direction_phone=\u00a0\u00bbdefault\u00a0\u00bb scene_position=\u00a0\u00bbcenter\u00a0\u00bb bottom_padding=\u00a0\u00bb100&Prime; text_color=\u00a0\u00bbdark\u00a0\u00bb text_align=\u00a0\u00bbleft\u00a0\u00bb row_border_radius=\u00a0\u00bbnone\u00a0\u00bb row_border_radius_applies=\u00a0\u00bbbg\u00a0\u00bb overflow=\u00a0\u00bbvisible\u00a0\u00bb overlay_strength=\u00a0\u00bb0.3&Prime; gradient_direction=\u00a0\u00bbleft_to_right\u00a0\u00bb shape_divider_position=\u00a0\u00bbbottom\u00a0\u00bb bg_image_animation=\u00a0\u00bbnone\u00a0\u00bb gradient_type=\u00a0\u00bbdefault\u00a0\u00bb shape_type=\u00a0\u00bb\u00a0\u00bb][vc_column column_padding=\u00a0\u00bbno-extra-padding\u00a0\u00bb column_padding_tablet=\u00a0\u00bbinherit\u00a0\u00bb column_padding_phone=\u00a0\u00bbinherit\u00a0\u00bb column_padding_position=\u00a0\u00bball\u00a0\u00bb column_element_direction_desktop=\u00a0\u00bbdefault\u00a0\u00bb column_element_spacing=\u00a0\u00bbdefault\u00a0\u00bb desktop_text_alignment=\u00a0\u00bbdefault\u00a0\u00bb tablet_text_alignment=\u00a0\u00bbdefault\u00a0\u00bb phone_text_alignment=\u00a0\u00bbdefault\u00a0\u00bb background_color_opacity=\u00a0\u00bb1&Prime; background_hover_color_opacity=\u00a0\u00bb1&Prime; column_backdrop_filter=\u00a0\u00bbnone\u00a0\u00bb column_shadow=\u00a0\u00bbnone\u00a0\u00bb column_border_radius=\u00a0\u00bbnone\u00a0\u00bb column_link_target=\u00a0\u00bb_self\u00a0\u00bb column_position=\u00a0\u00bbdefault\u00a0\u00bb gradient_direction=\u00a0\u00bbleft_to_right\u00a0\u00bb overlay_strength=\u00a0\u00bb0.3&Prime; width=\u00a0\u00bb1\/1&Prime; tablet_width_inherit=\u00a0\u00bbdefault\u00a0\u00bb animation_type=\u00a0\u00bbdefault\u00a0\u00bb bg_image_animation=\u00a0\u00bbnone\u00a0\u00bb border_type=\u00a0\u00bbsimple\u00a0\u00bb column_border_width=\u00a0\u00bbnone\u00a0\u00bb column_border_style=\u00a0\u00bbsolid\u00a0\u00bb][vc_column_text css=\u00a0\u00bb\u00a0\u00bb text_direction=\u00a0\u00bbdefault\u00a0\u00bb]        <div class=\"list_membres_equipe\">\r\n                            <div class=\"vc_col-sm-3 vc_col-xs-12 wpb_column column_container vc_column_container col no-extra-padding inherit_tablet inherit_phone instance-9 one-fourths my_col_membre_equipe\">\r\n                    <div class=\"vc_column-inner\">\r\n                        <div class=\"column-bg-overlay-wrap\" data-bg-animation=\"none\">\r\n                            <div class=\"column-bg-overlay\"><\/div>\r\n                        <\/div>\r\n                        <div class=\"wpb_wrapper\">\r\n                            <div class=\"team-member\" >\r\n                                <div class=\"team-member-image\">\r\n                                    <div class=\"team-member-image-inner\">\r\n                                        <img decoding=\"async\" class=\"img_membre_equipe\" src=\"https:\/\/aerocta.ca\/wp-content\/uploads\/2025\/08\/cta-ca-herouxdevtek.png\" alt=\"Anne-Marie Bertrand\" \/>\r\n                                    <\/div>\r\n                                <\/div>\r\n                                <div class=\"team-member-overlay\"><\/div>\r\n                                <div class=\"team-meta\">\r\n                                    <h3><b class=\"nomequipe\">Anne-Marie Bertrand<\/b><br\/>\r\n                                    Pr\u00e9sidente                                    <br\/>                                    Vice-pr\u00e9sidente, r\u00e9gion Est<br\/>                                                                                                            H\u00e9roux Devtek inc<br\/>                                    <\/h3>\r\n                                    \r\n                                    \r\n                                    \r\n                                    \r\n                                <\/div>\r\n                                <div class=\"nectar_team_bio_img\" data-img-src=\"https:\/\/aerocta.ca\/wp-content\/uploads\/2025\/08\/cta-ca-herouxdevtek.png\"><\/div>\r\n                                <div class=\"nectar_team_bio\">\r\n                                    <div class=\"margin_t_30\">\r\n\r\n                                                                                                                        \r\n                                                                                \r\n                                                                            <\/div>\r\n                                <\/div>\r\n                            <\/div>\r\n                        <\/div>\r\n                    <\/div>\r\n                <\/div>\r\n                            <div class=\"vc_col-sm-3 vc_col-xs-12 wpb_column column_container vc_column_container col no-extra-padding inherit_tablet inherit_phone instance-9 one-fourths my_col_membre_equipe\">\r\n                    <div class=\"vc_column-inner\">\r\n                        <div class=\"column-bg-overlay-wrap\" data-bg-animation=\"none\">\r\n                            <div class=\"column-bg-overlay\"><\/div>\r\n                        <\/div>\r\n                        <div class=\"wpb_wrapper\">\r\n                            <div class=\"team-member\" >\r\n                                <div class=\"team-member-image\">\r\n                                    <div class=\"team-member-image-inner\">\r\n                                        <img decoding=\"async\" class=\"img_membre_equipe\" src=\"https:\/\/aerocta.ca\/wp-content\/uploads\/2025\/08\/cta-ca-cegep.png\" alt=\"H\u00e9l\u00e8ne Bailleu\" \/>\r\n                                    <\/div>\r\n                                <\/div>\r\n                                <div class=\"team-member-overlay\"><\/div>\r\n                                <div class=\"team-meta\">\r\n                                    <h3><b class=\"nomequipe\">H\u00e9l\u00e8ne Bailleu<\/b><br\/>\r\n                                    Vice-pr\u00e9sidente                                    <br\/>                                    Directrice g\u00e9n\u00e9rale du c\u00e9gep \u00c9douard-Montpetit et de l\u2019\u00c9cole nationale d\u2019a\u00e9rotechnique <br\/>                                                                        <\/h3>\r\n                                    \r\n                                    \r\n                                    \r\n                                    \r\n                                <\/div>\r\n                                <div class=\"nectar_team_bio_img\" data-img-src=\"https:\/\/aerocta.ca\/wp-content\/uploads\/2025\/08\/cta-ca-cegep.png\"><\/div>\r\n                                <div class=\"nectar_team_bio\">\r\n                                    <div class=\"margin_t_30\">\r\n\r\n                                                                                                                        \r\n                                                                                \r\n                                                                            <\/div>\r\n                                <\/div>\r\n                            <\/div>\r\n                        <\/div>\r\n                    <\/div>\r\n                <\/div>\r\n                            <div class=\"vc_col-sm-3 vc_col-xs-12 wpb_column column_container vc_column_container col no-extra-padding inherit_tablet inherit_phone instance-9 one-fourths my_col_membre_equipe\">\r\n                    <div class=\"vc_column-inner\">\r\n                        <div class=\"column-bg-overlay-wrap\" data-bg-animation=\"none\">\r\n                            <div class=\"column-bg-overlay\"><\/div>\r\n                        <\/div>\r\n                        <div class=\"wpb_wrapper\">\r\n                            <div class=\"team-member\" >\r\n                                <div class=\"team-member-image\">\r\n                                    <div class=\"team-member-image-inner\">\r\n                                        <img decoding=\"async\" class=\"img_membre_equipe\" src=\"https:\/\/aerocta.ca\/wp-content\/uploads\/2025\/08\/cta-ca-cegep.png\" alt=\"Fran\u00e7ois Lefebvre\" \/>\r\n                                    <\/div>\r\n                                <\/div>\r\n                                <div class=\"team-member-overlay\"><\/div>\r\n                                <div class=\"team-meta\">\r\n                                    <h3><b class=\"nomequipe\">Fran\u00e7ois Lefebvre<\/b><br\/>\r\n                                    Tr\u00e9sorier                                    <br\/>                                    Directeur des ressources financi\u00e8res<br\/>                                                                                                            C\u00e9gep \u00c9douard-Montpetit<br\/>                                    <\/h3>\r\n                                    \r\n                                    \r\n                                    \r\n                                    \r\n                                <\/div>\r\n                                <div class=\"nectar_team_bio_img\" data-img-src=\"https:\/\/aerocta.ca\/wp-content\/uploads\/2025\/08\/cta-ca-cegep.png\"><\/div>\r\n                                <div class=\"nectar_team_bio\">\r\n                                    <div class=\"margin_t_30\">\r\n\r\n                                                                                                                        \r\n                                                                                \r\n                                                                            <\/div>\r\n                                <\/div>\r\n                            <\/div>\r\n                        <\/div>\r\n                    <\/div>\r\n                <\/div>\r\n                            <div class=\"vc_col-sm-3 vc_col-xs-12 wpb_column column_container vc_column_container col no-extra-padding inherit_tablet inherit_phone instance-9 one-fourths my_col_membre_equipe\">\r\n                    <div class=\"vc_column-inner\">\r\n                        <div class=\"column-bg-overlay-wrap\" data-bg-animation=\"none\">\r\n                            <div class=\"column-bg-overlay\"><\/div>\r\n                        <\/div>\r\n                        <div class=\"wpb_wrapper\">\r\n                            <div class=\"team-member\" >\r\n                                <div class=\"team-member-image\">\r\n                                    <div class=\"team-member-image-inner\">\r\n                                        <img decoding=\"async\" class=\"img_membre_equipe\" src=\"https:\/\/aerocta.ca\/wp-content\/uploads\/2025\/08\/cta-ca-ena.png\" alt=\"St\u00e9phanie Arpin\" \/>\r\n                                    <\/div>\r\n                                <\/div>\r\n                                <div class=\"team-member-overlay\"><\/div>\r\n                                <div class=\"team-meta\">\r\n                                    <h3><b class=\"nomequipe\">St\u00e9phanie Arpin<\/b><br\/>                                    Directrice adjointe des \u00e9tudes<br\/>                                                                                                            \u00c9cole nationale d\u2019a\u00e9rotechnique (\u00c9NA)<br\/>                                    <\/h3>\r\n                                    \r\n                                    \r\n                                    \r\n                                    \r\n                                <\/div>\r\n                                <div class=\"nectar_team_bio_img\" data-img-src=\"https:\/\/aerocta.ca\/wp-content\/uploads\/2025\/08\/cta-ca-ena.png\"><\/div>\r\n                                <div class=\"nectar_team_bio\">\r\n                                    <div class=\"margin_t_30\">\r\n\r\n                                                                                                                        \r\n                                                                                \r\n                                                                            <\/div>\r\n                                <\/div>\r\n                            <\/div>\r\n                        <\/div>\r\n                    <\/div>\r\n                <\/div>\r\n                            <div class=\"vc_col-sm-3 vc_col-xs-12 wpb_column column_container vc_column_container col no-extra-padding inherit_tablet inherit_phone instance-9 one-fourths my_col_membre_equipe\">\r\n                    <div class=\"vc_column-inner\">\r\n                        <div class=\"column-bg-overlay-wrap\" data-bg-animation=\"none\">\r\n                            <div class=\"column-bg-overlay\"><\/div>\r\n                        <\/div>\r\n                        <div class=\"wpb_wrapper\">\r\n                            <div class=\"team-member\" >\r\n                                <div class=\"team-member-image\">\r\n                                    <div class=\"team-member-image-inner\">\r\n                                        <img decoding=\"async\" class=\"img_membre_equipe\" src=\"https:\/\/aerocta.ca\/wp-content\/uploads\/2025\/08\/cta-ca-cmc.png\" alt=\"Maxime Desjardins-Carri\u00e8re\" \/>\r\n                                    <\/div>\r\n                                <\/div>\r\n                                <div class=\"team-member-overlay\"><\/div>\r\n                                <div class=\"team-meta\">\r\n                                    <h3><b class=\"nomequipe\">Maxime Desjardins-Carri\u00e8re<\/b><br\/>                                    Directeur de l\u2019ing\u00e9nierie Afficheurs et Capteurs<br\/>                                                                                                            CMC \u00c9lectronique<br\/>                                    <\/h3>\r\n                                    \r\n                                    \r\n                                    \r\n                                    \r\n                                <\/div>\r\n                                <div class=\"nectar_team_bio_img\" data-img-src=\"https:\/\/aerocta.ca\/wp-content\/uploads\/2025\/08\/cta-ca-cmc.png\"><\/div>\r\n                                <div class=\"nectar_team_bio\">\r\n                                    <div class=\"margin_t_30\">\r\n\r\n                                                                                                                        \r\n                                                                                \r\n                                                                            <\/div>\r\n                                <\/div>\r\n                            <\/div>\r\n                        <\/div>\r\n                    <\/div>\r\n                <\/div>\r\n                            <div class=\"vc_col-sm-3 vc_col-xs-12 wpb_column column_container vc_column_container col no-extra-padding inherit_tablet inherit_phone instance-9 one-fourths my_col_membre_equipe\">\r\n                    <div class=\"vc_column-inner\">\r\n                        <div class=\"column-bg-overlay-wrap\" data-bg-animation=\"none\">\r\n                            <div class=\"column-bg-overlay\"><\/div>\r\n                        <\/div>\r\n                        <div class=\"wpb_wrapper\">\r\n                            <div class=\"team-member\" >\r\n                                <div class=\"team-member-image\">\r\n                                    <div class=\"team-member-image-inner\">\r\n                                        <img decoding=\"async\" class=\"img_membre_equipe\" src=\"https:\/\/aerocta.ca\/wp-content\/uploads\/2025\/08\/cta-ca-mesotec.png\" alt=\"Philippe Constancis\" \/>\r\n                                    <\/div>\r\n                                <\/div>\r\n                                <div class=\"team-member-overlay\"><\/div>\r\n                                <div class=\"team-meta\">\r\n                                    <h3><b class=\"nomequipe\">Philippe Constancis<\/b><br\/>                                    Pr\u00e9sident<br\/>                                                                                                            Mesotec<br\/>                                    <\/h3>\r\n                                    \r\n                                    \r\n                                    \r\n                                    \r\n                                <\/div>\r\n                                <div class=\"nectar_team_bio_img\" data-img-src=\"https:\/\/aerocta.ca\/wp-content\/uploads\/2025\/08\/cta-ca-mesotec.png\"><\/div>\r\n                                <div class=\"nectar_team_bio\">\r\n                                    <div class=\"margin_t_30\">\r\n\r\n                                                                                                                        \r\n                                                                                \r\n                                                                            <\/div>\r\n                                <\/div>\r\n                            <\/div>\r\n                        <\/div>\r\n                    <\/div>\r\n                <\/div>\r\n                            <div class=\"vc_col-sm-3 vc_col-xs-12 wpb_column column_container vc_column_container col no-extra-padding inherit_tablet inherit_phone instance-9 one-fourths my_col_membre_equipe\">\r\n                    <div class=\"vc_column-inner\">\r\n                        <div class=\"column-bg-overlay-wrap\" data-bg-animation=\"none\">\r\n                            <div class=\"column-bg-overlay\"><\/div>\r\n                        <\/div>\r\n                        <div class=\"wpb_wrapper\">\r\n                            <div class=\"team-member\" >\r\n                                <div class=\"team-member-image\">\r\n                                    <div class=\"team-member-image-inner\">\r\n                                        <img decoding=\"async\" class=\"img_membre_equipe\" src=\"https:\/\/aerocta.ca\/wp-content\/uploads\/2025\/09\/cta-bombardier.jpg\" alt=\"G\u00e9rald Cyr\" \/>\r\n                                    <\/div>\r\n                                <\/div>\r\n                                <div class=\"team-member-overlay\"><\/div>\r\n                                <div class=\"team-meta\">\r\n                                    <h3><b class=\"nomequipe\">G\u00e9rald Cyr<\/b><br\/>                                    Directeur, ing\u00e9nierie<br\/>                                                                                                            Bombardier<br\/>                                    <\/h3>\r\n                                    \r\n                                    \r\n                                    \r\n                                    \r\n                                <\/div>\r\n                                <div class=\"nectar_team_bio_img\" data-img-src=\"https:\/\/aerocta.ca\/wp-content\/uploads\/2025\/09\/cta-bombardier.jpg\"><\/div>\r\n                                <div class=\"nectar_team_bio\">\r\n                                    <div class=\"margin_t_30\">\r\n\r\n                                                                                                                        \r\n                                                                                \r\n                                                                            <\/div>\r\n                                <\/div>\r\n                            <\/div>\r\n                        <\/div>\r\n                    <\/div>\r\n                <\/div>\r\n                            <div class=\"vc_col-sm-3 vc_col-xs-12 wpb_column column_container vc_column_container col no-extra-padding inherit_tablet inherit_phone instance-9 one-fourths my_col_membre_equipe\">\r\n                    <div class=\"vc_column-inner\">\r\n                        <div class=\"column-bg-overlay-wrap\" data-bg-animation=\"none\">\r\n                            <div class=\"column-bg-overlay\"><\/div>\r\n                        <\/div>\r\n                        <div class=\"wpb_wrapper\">\r\n                            <div class=\"team-member\" >\r\n                                <div class=\"team-member-image\">\r\n                                    <div class=\"team-member-image-inner\">\r\n                                        <img decoding=\"async\" class=\"img_membre_equipe\" src=\"https:\/\/aerocta.ca\/wp-content\/uploads\/2025\/08\/cta-ca-cegep.png\" alt=\"Claudine Ellyson\" \/>\r\n                                    <\/div>\r\n                                <\/div>\r\n                                <div class=\"team-member-overlay\"><\/div>\r\n                                <div class=\"team-meta\">\r\n                                    <h3><b class=\"nomequipe\">Claudine Ellyson<\/b><br\/>                                    Directrice de la formation continue et des services aux entreprises au c\u00e9gep \u00c9douard-Montpetit et \u00e0 l\u2019\u00c9cole nationale d\u2019a\u00e9rotechnique<br\/>                                                                        <\/h3>\r\n                                    \r\n                                    \r\n                                    \r\n                                    \r\n                                <\/div>\r\n                                <div class=\"nectar_team_bio_img\" data-img-src=\"https:\/\/aerocta.ca\/wp-content\/uploads\/2025\/08\/cta-ca-cegep.png\"><\/div>\r\n                                <div class=\"nectar_team_bio\">\r\n                                    <div class=\"margin_t_30\">\r\n\r\n                                                                                                                        \r\n                                                                                \r\n                                                                            <\/div>\r\n                                <\/div>\r\n                            <\/div>\r\n                        <\/div>\r\n                    <\/div>\r\n                <\/div>\r\n                            <div class=\"vc_col-sm-3 vc_col-xs-12 wpb_column column_container vc_column_container col no-extra-padding inherit_tablet inherit_phone instance-9 one-fourths my_col_membre_equipe\">\r\n                    <div class=\"vc_column-inner\">\r\n                        <div class=\"column-bg-overlay-wrap\" data-bg-animation=\"none\">\r\n                            <div class=\"column-bg-overlay\"><\/div>\r\n                        <\/div>\r\n                        <div class=\"wpb_wrapper\">\r\n                            <div class=\"team-member\" >\r\n                                <div class=\"team-member-image\">\r\n                                    <div class=\"team-member-image-inner\">\r\n                                        <img decoding=\"async\" class=\"img_membre_equipe\" src=\"https:\/\/aerocta.ca\/wp-content\/uploads\/2025\/09\/cta-hutchinson.jpg\" alt=\"Eric Faucher\" \/>\r\n                                    <\/div>\r\n                                <\/div>\r\n                                <div class=\"team-member-overlay\"><\/div>\r\n                                <div class=\"team-meta\">\r\n                                    <h3><b class=\"nomequipe\">Eric Faucher<\/b><br\/>                                    Pr\u00e9sident CEO<br\/>                                                                                                            Hutchinson<br\/>                                    <\/h3>\r\n                                    \r\n                                    \r\n                                    \r\n                                    \r\n                                <\/div>\r\n                                <div class=\"nectar_team_bio_img\" data-img-src=\"https:\/\/aerocta.ca\/wp-content\/uploads\/2025\/09\/cta-hutchinson.jpg\"><\/div>\r\n                                <div class=\"nectar_team_bio\">\r\n                                    <div class=\"margin_t_30\">\r\n\r\n                                                                                                                        \r\n                                                                                \r\n                                                                            <\/div>\r\n                                <\/div>\r\n                            <\/div>\r\n                        <\/div>\r\n                    <\/div>\r\n                <\/div>\r\n                            <div class=\"vc_col-sm-3 vc_col-xs-12 wpb_column column_container vc_column_container col no-extra-padding inherit_tablet inherit_phone instance-9 one-fourths my_col_membre_equipe\">\r\n                    <div class=\"vc_column-inner\">\r\n                        <div class=\"column-bg-overlay-wrap\" data-bg-animation=\"none\">\r\n                            <div class=\"column-bg-overlay\"><\/div>\r\n                        <\/div>\r\n                        <div class=\"wpb_wrapper\">\r\n                            <div class=\"team-member\" >\r\n                                <div class=\"team-member-image\">\r\n                                    <div class=\"team-member-image-inner\">\r\n                                        <img decoding=\"async\" class=\"img_membre_equipe\" src=\"https:\/\/aerocta.ca\/wp-content\/uploads\/2025\/09\/cta-airbus.jpg\" alt=\"Genevi\u00e8ve Laverdure\" \/>\r\n                                    <\/div>\r\n                                <\/div>\r\n                                <div class=\"team-member-overlay\"><\/div>\r\n                                <div class=\"team-meta\">\r\n                                    <h3><b class=\"nomequipe\">Genevi\u00e8ve Laverdure<\/b><br\/>                                    Chef Satisfaction clients et d\u00e9veloppement des affaires<br\/>                                                                                                            Airbus Canada<br\/>                                    <\/h3>\r\n                                    \r\n                                    \r\n                                    \r\n                                    \r\n                                <\/div>\r\n                                <div class=\"nectar_team_bio_img\" data-img-src=\"https:\/\/aerocta.ca\/wp-content\/uploads\/2025\/09\/cta-airbus.jpg\"><\/div>\r\n                                <div class=\"nectar_team_bio\">\r\n                                    <div class=\"margin_t_30\">\r\n\r\n                                                                                                                        \r\n                                                                                \r\n                                                                            <\/div>\r\n                                <\/div>\r\n                            <\/div>\r\n                        <\/div>\r\n                    <\/div>\r\n                <\/div>\r\n                            <div class=\"vc_col-sm-3 vc_col-xs-12 wpb_column column_container vc_column_container col no-extra-padding inherit_tablet inherit_phone instance-9 one-fourths my_col_membre_equipe\">\r\n                    <div class=\"vc_column-inner\">\r\n                        <div class=\"column-bg-overlay-wrap\" data-bg-animation=\"none\">\r\n                            <div class=\"column-bg-overlay\"><\/div>\r\n                        <\/div>\r\n                        <div class=\"wpb_wrapper\">\r\n                            <div class=\"team-member\" >\r\n                                <div class=\"team-member-image\">\r\n                                    <div class=\"team-member-image-inner\">\r\n                                        <img decoding=\"async\" class=\"img_membre_equipe\" src=\"https:\/\/aerocta.ca\/wp-content\/uploads\/2025\/09\/cta-prattwhitney-1.jpg\" alt=\"Philippe Lemay-G\u00e9linas\" \/>\r\n                                    <\/div>\r\n                                <\/div>\r\n                                <div class=\"team-member-overlay\"><\/div>\r\n                                <div class=\"team-meta\">\r\n                                    <h3><b class=\"nomequipe\">Philippe Lemay-G\u00e9linas<\/b><br\/>                                    Directeur ex\u00e9cutif Op\u00e9ration de fabrication canadienne<br\/>                                                                                                            Pratt & Whitney Canada<br\/>                                    <\/h3>\r\n                                    \r\n                                    \r\n                                    \r\n                                    \r\n                                <\/div>\r\n                                <div class=\"nectar_team_bio_img\" data-img-src=\"https:\/\/aerocta.ca\/wp-content\/uploads\/2025\/09\/cta-prattwhitney-1.jpg\"><\/div>\r\n                                <div class=\"nectar_team_bio\">\r\n                                    <div class=\"margin_t_30\">\r\n\r\n                                                                                                                        \r\n                                                                                \r\n                                                                            <\/div>\r\n                                <\/div>\r\n                            <\/div>\r\n                        <\/div>\r\n                    <\/div>\r\n                <\/div>\r\n                            <div class=\"vc_col-sm-3 vc_col-xs-12 wpb_column column_container vc_column_container col no-extra-padding inherit_tablet inherit_phone instance-9 one-fourths my_col_membre_equipe\">\r\n                    <div class=\"vc_column-inner\">\r\n                        <div class=\"column-bg-overlay-wrap\" data-bg-animation=\"none\">\r\n                            <div class=\"column-bg-overlay\"><\/div>\r\n                        <\/div>\r\n                        <div class=\"wpb_wrapper\">\r\n                            <div class=\"team-member\" >\r\n                                <div class=\"team-member-image\">\r\n                                    <div class=\"team-member-image-inner\">\r\n                                        <img decoding=\"async\" class=\"img_membre_equipe\" src=\"https:\/\/aerocta.ca\/wp-content\/uploads\/2025\/09\/cta-uds.jpg\" alt=\"David Rancourt\" \/>\r\n                                    <\/div>\r\n                                <\/div>\r\n                                <div class=\"team-member-overlay\"><\/div>\r\n                                <div class=\"team-meta\">\r\n                                    <h3><b class=\"nomequipe\">David Rancourt<\/b><br\/>                                    Professeur agr\u00e9g\u00e9, directeur d\u2019A\u00e9roUdeS et co-directeur de Createk<br\/>                                                                                                            Universit\u00e9 de Sherbrooke<br\/>                                    <\/h3>\r\n                                    \r\n                                    \r\n                                    \r\n                                    \r\n                                <\/div>\r\n                                <div class=\"nectar_team_bio_img\" data-img-src=\"https:\/\/aerocta.ca\/wp-content\/uploads\/2025\/09\/cta-uds.jpg\"><\/div>\r\n                                <div class=\"nectar_team_bio\">\r\n                                    <div class=\"margin_t_30\">\r\n\r\n                                                                                                                        \r\n                                                                                \r\n                                                                            <\/div>\r\n                                <\/div>\r\n                            <\/div>\r\n                        <\/div>\r\n                    <\/div>\r\n                <\/div>\r\n                            <div class=\"vc_col-sm-3 vc_col-xs-12 wpb_column column_container vc_column_container col no-extra-padding inherit_tablet inherit_phone instance-9 one-fourths my_col_membre_equipe\">\r\n                    <div class=\"vc_column-inner\">\r\n                        <div class=\"column-bg-overlay-wrap\" data-bg-animation=\"none\">\r\n                            <div class=\"column-bg-overlay\"><\/div>\r\n                        <\/div>\r\n                        <div class=\"wpb_wrapper\">\r\n                            <div class=\"team-member\" >\r\n                                <div class=\"team-member-image\">\r\n                                    <div class=\"team-member-image-inner\">\r\n                                        <img decoding=\"async\" class=\"img_membre_equipe\" src=\"https:\/\/aerocta.ca\/wp-content\/uploads\/2025\/09\/cta-meloche.jpg\" alt=\"Normand Sauv\u00e9\" \/>\r\n                                    <\/div>\r\n                                <\/div>\r\n                                <div class=\"team-member-overlay\"><\/div>\r\n                                <div class=\"team-meta\">\r\n                                    <h3><b class=\"nomequipe\">Normand Sauv\u00e9<\/b><br\/>                                    Vice-pr\u00e9sident \u2013 Innovation et infrastructure<br\/>                                                                                                            Groupe Meloche Inc.<br\/>                                    <\/h3>\r\n                                    \r\n                                    \r\n                                    \r\n                                    \r\n                                <\/div>\r\n                                <div class=\"nectar_team_bio_img\" data-img-src=\"https:\/\/aerocta.ca\/wp-content\/uploads\/2025\/09\/cta-meloche.jpg\"><\/div>\r\n                                <div class=\"nectar_team_bio\">\r\n                                    <div class=\"margin_t_30\">\r\n\r\n                                                                                                                        \r\n                                                                                \r\n                                                                            <\/div>\r\n                                <\/div>\r\n                            <\/div>\r\n                        <\/div>\r\n                    <\/div>\r\n                <\/div>\r\n                            <div class=\"vc_col-sm-3 vc_col-xs-12 wpb_column column_container vc_column_container col no-extra-padding inherit_tablet inherit_phone instance-9 one-fourths my_col_membre_equipe\">\r\n                    <div class=\"vc_column-inner\">\r\n                        <div class=\"column-bg-overlay-wrap\" data-bg-animation=\"none\">\r\n                            <div class=\"column-bg-overlay\"><\/div>\r\n                        <\/div>\r\n                        <div class=\"wpb_wrapper\">\r\n                            <div class=\"team-member\" >\r\n                                <div class=\"team-member-image\">\r\n                                    <div class=\"team-member-image-inner\">\r\n                                        <img decoding=\"async\" class=\"img_membre_equipe\" src=\"https:\/\/aerocta.ca\/wp-content\/uploads\/2025\/09\/cta-bell.jpg\" alt=\"Francis Tessier\" \/>\r\n                                    <\/div>\r\n                                <\/div>\r\n                                <div class=\"team-member-overlay\"><\/div>\r\n                                <div class=\"team-meta\">\r\n                                    <h3><b class=\"nomequipe\">Francis Tessier<\/b><br\/>                                    Directeur principal infrastructure et projets sp\u00e9ciaux<br\/>                                                                                                            Bell Helicopter Textron Canada<br\/>                                    <\/h3>\r\n                                    \r\n                                    \r\n                                    \r\n                                    \r\n                                <\/div>\r\n                                <div class=\"nectar_team_bio_img\" data-img-src=\"https:\/\/aerocta.ca\/wp-content\/uploads\/2025\/09\/cta-bell.jpg\"><\/div>\r\n                                <div class=\"nectar_team_bio\">\r\n                                    <div class=\"margin_t_30\">\r\n\r\n                                                                                                                        \r\n                                                                                \r\n                                                                            <\/div>\r\n                                <\/div>\r\n                            <\/div>\r\n                        <\/div>\r\n                    <\/div>\r\n                <\/div>\r\n                            <div class=\"vc_col-sm-3 vc_col-xs-12 wpb_column column_container vc_column_container col no-extra-padding inherit_tablet inherit_phone instance-9 one-fourths my_col_membre_equipe\">\r\n                    <div class=\"vc_column-inner\">\r\n                        <div class=\"column-bg-overlay-wrap\" data-bg-animation=\"none\">\r\n                            <div class=\"column-bg-overlay\"><\/div>\r\n                        <\/div>\r\n                        <div class=\"wpb_wrapper\">\r\n                            <div class=\"team-member\" >\r\n                                <div class=\"team-member-image\">\r\n                                    <div class=\"team-member-image-inner\">\r\n                                        <img decoding=\"async\" class=\"img_membre_equipe\" src=\"https:\/\/aerocta.ca\/wp-content\/uploads\/2025\/09\/cta-altitude.jpg\" alt=\"Nancy Venneman\" \/>\r\n                                    <\/div>\r\n                                <\/div>\r\n                                <div class=\"team-member-overlay\"><\/div>\r\n                                <div class=\"team-meta\">\r\n                                    <h3><b class=\"nomequipe\">Nancy Venneman<\/b><br\/>                                    Pr\u00e9sidente<br\/>                                                                                                            Altitude Aerospace Inc.<br\/>                                    <\/h3>\r\n                                    \r\n                                    \r\n                                    \r\n                                    \r\n                                <\/div>\r\n                                <div class=\"nectar_team_bio_img\" data-img-src=\"https:\/\/aerocta.ca\/wp-content\/uploads\/2025\/09\/cta-altitude.jpg\"><\/div>\r\n                                <div class=\"nectar_team_bio\">\r\n                                    <div class=\"margin_t_30\">\r\n\r\n                                                                                                                        \r\n                                                                                \r\n                                                                            <\/div>\r\n                                <\/div>\r\n                            <\/div>\r\n                        <\/div>\r\n                    <\/div>\r\n                <\/div>\r\n                    <\/div>\r\n    [\/vc_column_text][\/vc_column][\/vc_row][vc_row type=\u00a0\u00bbin_container\u00a0\u00bb full_screen_row_position=\u00a0\u00bbmiddle\u00a0\u00bb column_margin=\u00a0\u00bbdefault\u00a0\u00bb column_direction=\u00a0\u00bbdefault\u00a0\u00bb column_direction_tablet=\u00a0\u00bbdefault\u00a0\u00bb column_direction_phone=\u00a0\u00bbdefault\u00a0\u00bb scene_position=\u00a0\u00bbcenter\u00a0\u00bb text_color=\u00a0\u00bbdark\u00a0\u00bb text_align=\u00a0\u00bbleft\u00a0\u00bb row_border_radius=\u00a0\u00bbnone\u00a0\u00bb row_border_radius_applies=\u00a0\u00bbbg\u00a0\u00bb overflow=\u00a0\u00bbvisible\u00a0\u00bb overlay_strength=\u00a0\u00bb0.3&Prime; gradient_direction=\u00a0\u00bbleft_to_right\u00a0\u00bb shape_divider_position=\u00a0\u00bbbottom\u00a0\u00bb bg_image_animation=\u00a0\u00bbnone\u00a0\u00bb][vc_column column_padding=\u00a0\u00bbno-extra-padding\u00a0\u00bb column_padding_tablet=\u00a0\u00bbinherit\u00a0\u00bb column_padding_phone=\u00a0\u00bbinherit\u00a0\u00bb column_padding_position=\u00a0\u00bball\u00a0\u00bb column_element_direction_desktop=\u00a0\u00bbdefault\u00a0\u00bb column_element_spacing=\u00a0\u00bbdefault\u00a0\u00bb desktop_text_alignment=\u00a0\u00bbdefault\u00a0\u00bb tablet_text_alignment=\u00a0\u00bbdefault\u00a0\u00bb phone_text_alignment=\u00a0\u00bbdefault\u00a0\u00bb background_color_opacity=\u00a0\u00bb1&Prime; background_hover_color_opacity=\u00a0\u00bb1&Prime; column_backdrop_filter=\u00a0\u00bbnone\u00a0\u00bb column_shadow=\u00a0\u00bbnone\u00a0\u00bb column_border_radius=\u00a0\u00bbnone\u00a0\u00bb column_link_target=\u00a0\u00bb_self\u00a0\u00bb column_position=\u00a0\u00bbdefault\u00a0\u00bb gradient_direction=\u00a0\u00bbleft_to_right\u00a0\u00bb overlay_strength=\u00a0\u00bb0.3&Prime; width=\u00a0\u00bb1\/1&Prime; tablet_width_inherit=\u00a0\u00bbdefault\u00a0\u00bb animation_type=\u00a0\u00bbdefault\u00a0\u00bb bg_image_animation=\u00a0\u00bbnone\u00a0\u00bb border_type=\u00a0\u00bbsimple\u00a0\u00bb column_border_width=\u00a0\u00bbnone\u00a0\u00bb column_border_style=\u00a0\u00bbsolid\u00a0\u00bb][nectar_global_section id=\u00a0\u00bb59&Prime;][\/vc_column][\/vc_row][vc_row type=\u00a0\u00bbin_container\u00a0\u00bb full_screen_row_position=\u00a0\u00bbmiddle\u00a0\u00bb column_margin=\u00a0\u00bbdefault\u00a0\u00bb column_direction=\u00a0\u00bbdefault\u00a0\u00bb column_direction_tablet=\u00a0\u00bbdefault\u00a0\u00bb column_direction_phone=\u00a0\u00bbdefault\u00a0\u00bb scene_position=\u00a0\u00bbcenter\u00a0\u00bb text_color=\u00a0\u00bbdark\u00a0\u00bb text_align=\u00a0\u00bbleft\u00a0\u00bb row_border_radius=\u00a0\u00bbnone\u00a0\u00bb row_border_radius_applies=\u00a0\u00bbbg\u00a0\u00bb overflow=\u00a0\u00bbvisible\u00a0\u00bb disable_element=\u00a0\u00bbyes\u00a0\u00bb overlay_strength=\u00a0\u00bb0.3&Prime; gradient_direction=\u00a0\u00bbleft_to_right\u00a0\u00bb shape_divider_position=\u00a0\u00bbbottom\u00a0\u00bb bg_image_animation=\u00a0\u00bbnone\u00a0\u00bb gradient_type=\u00a0\u00bbdefault\u00a0\u00bb shape_type=\u00a0\u00bb\u00a0\u00bb][vc_column column_padding=\u00a0\u00bbno-extra-padding\u00a0\u00bb column_padding_tablet=\u00a0\u00bbinherit\u00a0\u00bb column_padding_phone=\u00a0\u00bbinherit\u00a0\u00bb column_padding_position=\u00a0\u00bball\u00a0\u00bb column_element_direction_desktop=\u00a0\u00bbdefault\u00a0\u00bb column_element_spacing=\u00a0\u00bbdefault\u00a0\u00bb desktop_text_alignment=\u00a0\u00bbdefault\u00a0\u00bb tablet_text_alignment=\u00a0\u00bbdefault\u00a0\u00bb phone_text_alignment=\u00a0\u00bbdefault\u00a0\u00bb background_color_opacity=\u00a0\u00bb1&Prime; background_hover_color_opacity=\u00a0\u00bb1&Prime; column_backdrop_filter=\u00a0\u00bbnone\u00a0\u00bb column_shadow=\u00a0\u00bbnone\u00a0\u00bb column_border_radius=\u00a0\u00bbnone\u00a0\u00bb column_link_target=\u00a0\u00bb_self\u00a0\u00bb column_position=\u00a0\u00bbdefault\u00a0\u00bb gradient_direction=\u00a0\u00bbleft_to_right\u00a0\u00bb overlay_strength=\u00a0\u00bb0.3&Prime; width=\u00a0\u00bb1\/1&Prime; tablet_width_inherit=\u00a0\u00bbdefault\u00a0\u00bb animation_type=\u00a0\u00bbdefault\u00a0\u00bb bg_image_animation=\u00a0\u00bbnone\u00a0\u00bb border_type=\u00a0\u00bbsimple\u00a0\u00bb column_border_width=\u00a0\u00bbnone\u00a0\u00bb column_border_style=\u00a0\u00bbsolid\u00a0\u00bb][team_member team_memeber_style=\u00a0\u00bbmeta_below\u00a0\u00bb link_element=\u00a0\u00bbnone\u00a0\u00bb color=\u00a0\u00bbAccent-Color\u00a0\u00bb][\/team_member][\/vc_column][\/vc_row]\n","protected":false},"excerpt":{"rendered":"<p>[vc_row type=\u00a0\u00bbfull_width_content\u00a0\u00bb full_screen_row_position=\u00a0\u00bbmiddle\u00a0\u00bb column_margin=\u00a0\u00bbdefault\u00a0\u00bb column_direction=\u00a0\u00bbdefault\u00a0\u00bb column_direction_tablet=\u00a0\u00bbdefault\u00a0\u00bb column_direction_phone=\u00a0\u00bbdefault\u00a0\u00bb bg_color=\u00a0\u00bb#f2f2f2&Prime; bg_image=\u00a0\u00bb217&Prime; bg_position=\u00a0\u00bbcenter center\u00a0\u00bb background_image_loading=\u00a0\u00bbdefault\u00a0\u00bb bg_repeat=\u00a0\u00bbno-repeat\u00a0\u00bb scene_position=\u00a0\u00bbcenter\u00a0\u00bb constrain_group_2=\u00a0\u00bbyes\u00a0\u00bb top_padding_phone=\u00a0\u00bb50&Prime; constrain_group_7=\u00a0\u00bbyes\u00a0\u00bb constrain_group_8=\u00a0\u00bbyes\u00a0\u00bb text_color=\u00a0\u00bbdark\u00a0\u00bb text_align=\u00a0\u00bbleft\u00a0\u00bb row_border_radius=\u00a0\u00bb15px\u00a0\u00bb row_border_radius_applies=\u00a0\u00bbbg\u00a0\u00bb overflow=\u00a0\u00bbvisible\u00a0\u00bb class=\u00a0\u00bbwhite back_header\u00a0\u00bb overlay_strength=\u00a0\u00bb0.3&Prime; gradient_direction=\u00a0\u00bbleft_to_right\u00a0\u00bb shape_divider_position=\u00a0\u00bbbottom\u00a0\u00bb bg_image_animation=\u00a0\u00bbnone\u00a0\u00bb gradient_type=\u00a0\u00bbdefault\u00a0\u00bb&#8230;<\/p>\n","protected":false},"author":2,"featured_media":0,"parent":0,"menu_order":0,"comment_status":"closed","ping_status":"closed","template":"","meta":{"_acf_changed":false,"_seopress_robots_primary_cat":"","_seopress_titles_title":"D\u00e9couvrez l'expertise du CTA en a\u00e9rospatiale","_seopress_titles_desc":"D\u00e9couvrez comment notre \u00e9quipe pluridisciplinaire d'experts fa\u00e7onne l'avenir de l'a\u00e9rospatiale. Joignez-vous \u00e0 nous pour des projets innovants d\u00e8s aujourd'hui !","_seopress_robots_index":"","inline_featured_image":false,"footnotes":""},"class_list":["post-130","page","type-page","status-publish"],"acf":[],"_links":{"self":[{"href":"https:\/\/aerocta.ca\/en\/wp-json\/wp\/v2\/pages\/130","targetHints":{"allow":["GET"]}}],"collection":[{"href":"https:\/\/aerocta.ca\/en\/wp-json\/wp\/v2\/pages"}],"about":[{"href":"https:\/\/aerocta.ca\/en\/wp-json\/wp\/v2\/types\/page"}],"author":[{"embeddable":true,"href":"https:\/\/aerocta.ca\/en\/wp-json\/wp\/v2\/users\/2"}],"replies":[{"embeddable":true,"href":"https:\/\/aerocta.ca\/en\/wp-json\/wp\/v2\/comments?post=130"}],"version-history":[{"count":27,"href":"https:\/\/aerocta.ca\/en\/wp-json\/wp\/v2\/pages\/130\/revisions"}],"predecessor-version":[{"id":1182,"href":"https:\/\/aerocta.ca\/en\/wp-json\/wp\/v2\/pages\/130\/revisions\/1182"}],"wp:attachment":[{"href":"https:\/\/aerocta.ca\/en\/wp-json\/wp\/v2\/media?parent=130"}],"curies":[{"name":"wp","href":"https:\/\/api.w.org\/{rel}","templated":true}]}}